{"id":1461,"date":"2023-12-07T20:07:57","date_gmt":"2023-12-07T20:07:57","guid":{"rendered":"https:\/\/doscuervosm.com.mx\/?page_id=1461"},"modified":"2024-10-29T17:23:35","modified_gmt":"2024-10-29T17:23:35","slug":"inclusion","status":"publish","type":"page","link":"https:\/\/doscuervosm.com.mx\/index.php\/inclusion\/","title":{"rendered":"inclusion"},"content":{"rendered":"\t\t<div data-elementor-type=\"wp-page\" data-elementor-id=\"1461\" class=\"elementor elementor-1461\">\n\t\t\t\t\t\t\t\t\t<section class=\"elementor-section elementor-top-section elementor-element elementor-element-37b3c9a elementor-section-boxed elementor-section-height-default elementor-section-height-default wpr-particle-no wpr-jarallax-no wpr-parallax-no wpr-sticky-section-no\" data-id=\"37b3c9a\" data-element_type=\"section\" data-settings=\"{&quot;background_background&quot;:&quot;classic&quot;,&quot;_ha_eqh_enable&quot;:false}\">\n\t\t\t\t\t\t<div class=\"elementor-container elementor-column-gap-no\">\n\t\t\t\t\t<div class=\"elementor-column elementor-col-50 elementor-top-column elementor-element elementor-element-f66c417\" data-id=\"f66c417\" data-element_type=\"column\">\n\t\t\t<div class=\"elementor-widget-wrap elementor-element-populated\">\n\t\t\t\t\t\t\t\t<div class=\"elementor-element elementor-element-6a19bcb elementor-widget elementor-widget-heading\" data-id=\"6a19bcb\" data-element_type=\"widget\" data-widget_type=\"heading.default\">\n\t\t\t\t<div class=\"elementor-widget-container\">\n\t\t\t<style>\/*! elementor - v3.18.0 - 04-12-2023 *\/\n.elementor-heading-title{padding:0;margin:0;line-height:1}.elementor-widget-heading .elementor-heading-title[class*=elementor-size-]>a{color:inherit;font-size:inherit;line-height:inherit}.elementor-widget-heading .elementor-heading-title.elementor-size-small{font-size:15px}.elementor-widget-heading .elementor-heading-title.elementor-size-medium{font-size:19px}.elementor-widget-heading .elementor-heading-title.elementor-size-large{font-size:29px}.elementor-widget-heading .elementor-heading-title.elementor-size-xl{font-size:39px}.elementor-widget-heading .elementor-heading-title.elementor-size-xxl{font-size:59px}<\/style><h6 class=\"elementor-heading-title elementor-size-default\">PAN CHIHUAHUA<\/h6>\t\t<\/div>\n\t\t\t\t<\/div>\n\t\t\t\t<div class=\"elementor-element elementor-element-b8ae100 elementor-widget elementor-widget-heading\" data-id=\"b8ae100\" data-element_type=\"widget\" data-widget_type=\"heading.default\">\n\t\t\t\t<div class=\"elementor-widget-container\">\n\t\t\t<h1 class=\"elementor-heading-title elementor-size-default\">INCLUSI\u00d3N EN LA VIDA POL\u00cdTICA<\/h1>\t\t<\/div>\n\t\t\t\t<\/div>\n\t\t\t\t<div class=\"elementor-element elementor-element-1439bca elementor-widget elementor-widget-text-editor\" data-id=\"1439bca\" data-element_type=\"widget\" data-widget_type=\"text-editor.default\">\n\t\t\t\t<div class=\"elementor-widget-container\">\n\t\t\t<style>\/*! elementor - v3.18.0 - 04-12-2023 *\/\n.elementor-widget-text-editor.elementor-drop-cap-view-stacked .elementor-drop-cap{background-color:#69727d;color:#fff}.elementor-widget-text-editor.elementor-drop-cap-view-framed .elementor-drop-cap{color:#69727d;border:3px solid;background-color:transparent}.elementor-widget-text-editor:not(.elementor-drop-cap-view-default) .elementor-drop-cap{margin-top:8px}.elementor-widget-text-editor:not(.elementor-drop-cap-view-default) .elementor-drop-cap-letter{width:1em;height:1em}.elementor-widget-text-editor .elementor-drop-cap{float:left;text-align:center;line-height:1;font-size:50px}.elementor-widget-text-editor .elementor-drop-cap-letter{display:inline-block}<\/style>\t\t\t\t<p>Gu\u00eda interactiva<\/p>\t\t\t\t\t\t<\/div>\n\t\t\t\t<\/div>\n\t\t\t\t<section class=\"elementor-section elementor-inner-section elementor-element elementor-element-135d3f1 elementor-section-content-middle elementor-section-boxed elementor-section-height-default elementor-section-height-default wpr-particle-no wpr-jarallax-no wpr-parallax-no wpr-sticky-section-no\" data-id=\"135d3f1\" data-element_type=\"section\" data-settings=\"{&quot;_ha_eqh_enable&quot;:false}\">\n\t\t\t\t\t\t<div class=\"elementor-container elementor-column-gap-no\">\n\t\t\t\t\t<div class=\"elementor-column elementor-col-100 elementor-inner-column elementor-element elementor-element-ef3b2fa\" data-id=\"ef3b2fa\" data-element_type=\"column\">\n\t\t\t<div class=\"elementor-widget-wrap elementor-element-populated\">\n\t\t\t\t\t\t\t\t<div class=\"elementor-element elementor-element-4f94af7 elementor-align-center elementor-widget elementor-widget-button\" data-id=\"4f94af7\" data-element_type=\"widget\" data-widget_type=\"button.default\">\n\t\t\t\t<div class=\"elementor-widget-container\">\n\t\t\t\t\t<div class=\"elementor-button-wrapper\">\n\t\t\t<a class=\"elementor-button elementor-button-link elementor-size-sm\" href=\"#\">\n\t\t\t\t\t\t<span class=\"elementor-button-content-wrapper\">\n\t\t\t\t\t\t<span class=\"elementor-button-text\">Explorar<\/span>\n\t\t<\/span>\n\t\t\t\t\t<\/a>\n\t\t<\/div>\n\t\t\t\t<\/div>\n\t\t\t\t<\/div>\n\t\t\t\t\t<\/div>\n\t\t<\/div>\n\t\t\t\t\t\t\t<\/div>\n\t\t<\/section>\n\t\t\t\t\t<\/div>\n\t\t<\/div>\n\t\t\t\t<div class=\"elementor-column elementor-col-50 elementor-top-column elementor-element elementor-element-16a252d\" data-id=\"16a252d\" data-element_type=\"column\">\n\t\t\t<div class=\"elementor-widget-wrap elementor-element-populated\">\n\t\t\t\t\t\t\t\t<div class=\"elementor-element elementor-element-6a9dd0e elementor-widget elementor-widget-image\" data-id=\"6a9dd0e\" data-element_type=\"widget\" data-widget_type=\"image.default\">\n\t\t\t\t<div class=\"elementor-widget-container\">\n\t\t\t<style>\/*! elementor - v3.18.0 - 04-12-2023 *\/\n.elementor-widget-image{text-align:center}.elementor-widget-image a{display:inline-block}.elementor-widget-image a img[src$=\".svg\"]{width:48px}.elementor-widget-image img{vertical-align:middle;display:inline-block}<\/style>\t\t\t\t\t\t\t\t\t\t\t\t<img fetchpriority=\"high\" decoding=\"async\" width=\"768\" height=\"512\" src=\"https:\/\/doscuervosm.com.mx\/wp-content\/uploads\/2023\/12\/hands-team-collaboration-6949093-768x512.jpg\" class=\"attachment-medium_large size-medium_large wp-image-1489\" alt=\"hands, team, collaboration-6949093.jpg\" srcset=\"https:\/\/doscuervosm.com.mx\/wp-content\/uploads\/2023\/12\/hands-team-collaboration-6949093-768x512.jpg 768w, https:\/\/doscuervosm.com.mx\/wp-content\/uploads\/2023\/12\/hands-team-collaboration-6949093-300x200.jpg 300w, https:\/\/doscuervosm.com.mx\/wp-content\/uploads\/2023\/12\/hands-team-collaboration-6949093-1024x682.jpg 1024w, https:\/\/doscuervosm.com.mx\/wp-content\/uploads\/2023\/12\/hands-team-collaboration-6949093.jpg 1280w\" sizes=\"(max-width: 768px) 100vw, 768px\" \/>\t\t\t\t\t\t\t\t\t\t\t\t\t\t\t<\/div>\n\t\t\t\t<\/div>\n\t\t\t\t<div class=\"elementor-element elementor-element-28e0b18 elementor-absolute elementor-widget elementor-widget-image\" data-id=\"28e0b18\" data-element_type=\"widget\" data-settings=\"{&quot;_position&quot;:&quot;absolute&quot;}\" data-widget_type=\"image.default\">\n\t\t\t\t<div class=\"elementor-widget-container\">\n\t\t\t\t\t\t\t\t\t\t\t\t\t\t\t<img decoding=\"async\" width=\"200\" height=\"300\" src=\"https:\/\/doscuervosm.com.mx\/wp-content\/uploads\/2023\/12\/wheelchair-users-wheelchair-electric-wheelchair-2814628-200x300.jpg\" class=\"attachment-medium size-medium wp-image-1490\" alt=\"wheelchair users, wheelchair, electric wheelchair-2814628.jpg\" srcset=\"https:\/\/doscuervosm.com.mx\/wp-content\/uploads\/2023\/12\/wheelchair-users-wheelchair-electric-wheelchair-2814628-200x300.jpg 200w, https:\/\/doscuervosm.com.mx\/wp-content\/uploads\/2023\/12\/wheelchair-users-wheelchair-electric-wheelchair-2814628-682x1024.jpg 682w, https:\/\/doscuervosm.com.mx\/wp-content\/uploads\/2023\/12\/wheelchair-users-wheelchair-electric-wheelchair-2814628-768x1152.jpg 768w, https:\/\/doscuervosm.com.mx\/wp-content\/uploads\/2023\/12\/wheelchair-users-wheelchair-electric-wheelchair-2814628.jpg 853w\" sizes=\"(max-width: 200px) 100vw, 200px\" \/>\t\t\t\t\t\t\t\t\t\t\t\t\t\t\t<\/div>\n\t\t\t\t<\/div>\n\t\t\t\t\t<\/div>\n\t\t<\/div>\n\t\t\t\t\t\t\t<\/div>\n\t\t<\/section>\n\t\t\t\t<section class=\"elementor-section elementor-top-section elementor-element elementor-element-50f464b elementor-section-content-middle elementor-section-boxed elementor-section-height-default elementor-section-height-default wpr-particle-no wpr-jarallax-no wpr-parallax-no wpr-sticky-section-no\" data-id=\"50f464b\" data-element_type=\"section\" data-settings=\"{&quot;_ha_eqh_enable&quot;:false}\">\n\t\t\t\t\t\t<div class=\"elementor-container elementor-column-gap-no\">\n\t\t\t\t\t<div class=\"elementor-column elementor-col-50 elementor-top-column elementor-element elementor-element-3c37678\" data-id=\"3c37678\" data-element_type=\"column\">\n\t\t\t<div class=\"elementor-widget-wrap elementor-element-populated\">\n\t\t\t\t\t\t\t\t<div class=\"elementor-element elementor-element-e608fca elementor-widget elementor-widget-image\" data-id=\"e608fca\" data-element_type=\"widget\" data-widget_type=\"image.default\">\n\t\t\t\t<div class=\"elementor-widget-container\">\n\t\t\t\t\t\t\t\t\t\t\t\t\t\t\t<img decoding=\"async\" width=\"1280\" height=\"853\" src=\"https:\/\/doscuervosm.com.mx\/wp-content\/uploads\/2023\/12\/sport-football-amputation-2706937.jpg\" class=\"attachment-full size-full wp-image-1463\" alt=\"sport, football, amputation-2706937.jpg\" srcset=\"https:\/\/doscuervosm.com.mx\/wp-content\/uploads\/2023\/12\/sport-football-amputation-2706937.jpg 1280w, https:\/\/doscuervosm.com.mx\/wp-content\/uploads\/2023\/12\/sport-football-amputation-2706937-300x200.jpg 300w, https:\/\/doscuervosm.com.mx\/wp-content\/uploads\/2023\/12\/sport-football-amputation-2706937-1024x682.jpg 1024w, https:\/\/doscuervosm.com.mx\/wp-content\/uploads\/2023\/12\/sport-football-amputation-2706937-768x512.jpg 768w\" sizes=\"(max-width: 1280px) 100vw, 1280px\" \/>\t\t\t\t\t\t\t\t\t\t\t\t\t\t\t<\/div>\n\t\t\t\t<\/div>\n\t\t\t\t\t<\/div>\n\t\t<\/div>\n\t\t\t\t<div class=\"elementor-column elementor-col-50 elementor-top-column elementor-element elementor-element-caba4f4\" data-id=\"caba4f4\" data-element_type=\"column\">\n\t\t\t<div class=\"elementor-widget-wrap elementor-element-populated\">\n\t\t\t\t\t\t\t\t<div class=\"elementor-element elementor-element-c3377f4 elementor-widget elementor-widget-heading\" data-id=\"c3377f4\" data-element_type=\"widget\" data-widget_type=\"heading.default\">\n\t\t\t\t<div class=\"elementor-widget-container\">\n\t\t\t<h6 class=\"elementor-heading-title elementor-size-default\">Concepto<\/h6>\t\t<\/div>\n\t\t\t\t<\/div>\n\t\t\t\t<div class=\"elementor-element elementor-element-e1499ce elementor-widget elementor-widget-heading\" data-id=\"e1499ce\" data-element_type=\"widget\" data-widget_type=\"heading.default\">\n\t\t\t\t<div class=\"elementor-widget-container\">\n\t\t\t<h2 class=\"elementor-heading-title elementor-size-default\">\u00bfQu\u00e9 es la inclusi\u00f3n?<\/h2>\t\t<\/div>\n\t\t\t\t<\/div>\n\t\t\t\t<div class=\"elementor-element elementor-element-5742fc2 elementor-widget elementor-widget-text-editor\" data-id=\"5742fc2\" data-element_type=\"widget\" data-widget_type=\"text-editor.default\">\n\t\t\t\t<div class=\"elementor-widget-container\">\n\t\t\t\t\t\t\t<p>Acorde con la OMS, el t\u00e9rmino inclusi\u00f3n se define como el proceso de asegurar que las personas con discapacidad tengan el mismo acceso, participaci\u00f3n y oportunidades que el resto de la poblaci\u00f3n.<\/p><p>Tambi\u00e9n se puede definir como la integraci\u00f3n de todas las personas en la sociedad, sobre todo aquellos que se encuentran en condiciones de segregaci\u00f3n o marginaci\u00f3n, eliminando las barreras que puedan existir, las cuales, seg\u00fan Delia Ferreira son:<\/p>\t\t\t\t\t\t<\/div>\n\t\t\t\t<\/div>\n\t\t\t\t<div class=\"elementor-element elementor-element-1c42fec elementor-widget elementor-widget-eael-feature-list\" data-id=\"1c42fec\" data-element_type=\"widget\" data-widget_type=\"eael-feature-list.default\">\n\t\t\t\t<div class=\"elementor-widget-container\">\n\t\t\t\t\t<div class=\"-icon-position-left -tablet-icon-position-left -mobile-icon-position-left\">\n\t\t\t<ul id=\"eael-feature-list-1c42fec\" class=\"eael-feature-list-items circle stacked \">\n\t\t\t                <li class=\"eael-feature-list-item elementor-repeater-item-f01f8b9\">\n                    \n\t\t\t\t\t\t<div class=\"eael-feature-list-icon-box\">\n\t\t\t\t\t\t\t<div class=\"eael-feature-list-icon-inner\">\n\n\t\t\t\t\t\t\t\t<span class=\"eael-feature-list-icon fl-icon-0\">\n\n\t\t<svg aria-hidden=\"true\" class=\"e-font-icon-svg e-fas-fist-raised\" viewBox=\"0 0 384 512\" xmlns=\"http:\/\/www.w3.org\/2000\/svg\"><path d=\"M255.98 160V16c0-8.84-7.16-16-16-16h-32c-8.84 0-16 7.16-16 16v146.93c5.02-1.78 10.34-2.93 15.97-2.93h48.03zm128 95.99c-.01-35.34-28.66-63.99-63.99-63.99H207.85c-8.78 0-15.9 7.07-15.9 15.85v.56c0 26.27 21.3 47.59 47.57 47.59h35.26c9.68 0 13.2 3.58 13.2 8v16.2c0 4.29-3.59 7.78-7.88 8-44.52 2.28-64.16 24.71-96.05 72.55l-6.31 9.47a7.994 7.994 0 0 1-11.09 2.22l-13.31-8.88a7.994 7.994 0 0 1-2.22-11.09l6.31-9.47c15.73-23.6 30.2-43.26 47.31-58.08-17.27-5.51-31.4-18.12-38.87-34.45-6.59 3.41-13.96 5.52-21.87 5.52h-32c-12.34 0-23.49-4.81-32-12.48C71.48 251.19 60.33 256 48 256H16c-5.64 0-10.97-1.15-16-2.95v77.93c0 33.95 13.48 66.5 37.49 90.51L63.99 448v64h255.98v-63.96l35.91-35.92A96.035 96.035 0 0 0 384 344.21l-.02-88.22zm-32.01-90.09V48c0-8.84-7.16-16-16-16h-32c-8.84 0-16 7.16-16 16v112h32c11.28 0 21.94 2.31 32 5.9zM16 224h32c8.84 0 16-7.16 16-16V80c0-8.84-7.16-16-16-16H16C7.16 64 0 71.16 0 80v128c0 8.84 7.16 16 16 16zm95.99 0h32c8.84 0 16-7.16 16-16V48c0-8.84-7.16-16-16-16h-32c-8.84 0-16 7.16-16 16v160c0 8.84 7.16 16 16 16z\"><\/path><\/svg>\t\t\t\t\t\t\t\t<\/span>\n\t\t\t\t\t\t\t<\/div>\n\t\t\t\t\t\t<\/div>\n\t\t\t\t\t\t<div class=\"eael-feature-list-content-box\">\n\t\t\t\t\t\t\t<h3 class=\"eael-feature-list-title\"\t\t\t\t\t\t\t>Barreras f\u00edsicas <\/h3\t\t\t\t\t\t>\n\t\t\t\t\t\t<p class=\"eael-feature-list-content\">Se refieren a las personas que se ven afectadas por discapacidades permanentes o temporales<\/p>\n\t\t\t\t\t\t<\/div>\n\n\t\t\t\t\t<\/li>\n\t\t\t\t                <li class=\"eael-feature-list-item elementor-repeater-item-7e24d48\">\n                    \n\t\t\t\t\t\t<div class=\"eael-feature-list-icon-box\">\n\t\t\t\t\t\t\t<div class=\"eael-feature-list-icon-inner\">\n\n\t\t\t\t\t\t\t\t<span class=\"eael-feature-list-icon fl-icon-1\">\n\n\t\t<svg aria-hidden=\"true\" class=\"e-font-icon-svg e-fas-school\" viewBox=\"0 0 640 512\" xmlns=\"http:\/\/www.w3.org\/2000\/svg\"><path d=\"M0 224v272c0 8.84 7.16 16 16 16h80V192H32c-17.67 0-32 14.33-32 32zm360-48h-24v-40c0-4.42-3.58-8-8-8h-16c-4.42 0-8 3.58-8 8v64c0 4.42 3.58 8 8 8h48c4.42 0 8-3.58 8-8v-16c0-4.42-3.58-8-8-8zm137.75-63.96l-160-106.67a32.02 32.02 0 0 0-35.5 0l-160 106.67A32.002 32.002 0 0 0 128 138.66V512h128V368c0-8.84 7.16-16 16-16h96c8.84 0 16 7.16 16 16v144h128V138.67c0-10.7-5.35-20.7-14.25-26.63zM320 256c-44.18 0-80-35.82-80-80s35.82-80 80-80 80 35.82 80 80-35.82 80-80 80zm288-64h-64v320h80c8.84 0 16-7.16 16-16V224c0-17.67-14.33-32-32-32z\"><\/path><\/svg>\t\t\t\t\t\t\t\t<\/span>\n\t\t\t\t\t\t\t<\/div>\n\t\t\t\t\t\t<\/div>\n\t\t\t\t\t\t<div class=\"eael-feature-list-content-box\">\n\t\t\t\t\t\t\t<h3 class=\"eael-feature-list-title\"\t\t\t\t\t\t\t>Barreras educativas<\/h3\t\t\t\t\t\t>\n\t\t\t\t\t\t<p class=\"eael-feature-list-content\">El analfabetismo se ve como la principal causa de exclusi\u00f3n para el ejercicio no s\u00f3lo de los derechos pol\u00edticos; tambi\u00e9n abarca a nuevas formas de analfabetismo que tienen que ver con las tecnolog\u00edas modernas.<\/p>\n\t\t\t\t\t\t<\/div>\n\n\t\t\t\t\t<\/li>\n\t\t\t\t                <li class=\"eael-feature-list-item elementor-repeater-item-f441fed\">\n                    \n\t\t\t\t\t\t<div class=\"eael-feature-list-icon-box\">\n\t\t\t\t\t\t\t<div class=\"eael-feature-list-icon-inner\">\n\n\t\t\t\t\t\t\t\t<span class=\"eael-feature-list-icon fl-icon-2\">\n\n\t\t<svg aria-hidden=\"true\" class=\"e-font-icon-svg e-fas-paint-brush\" viewBox=\"0 0 512 512\" xmlns=\"http:\/\/www.w3.org\/2000\/svg\"><path d=\"M167.02 309.34c-40.12 2.58-76.53 17.86-97.19 72.3-2.35 6.21-8 9.98-14.59 9.98-11.11 0-45.46-27.67-55.25-34.35C0 439.62 37.93 512 128 512c75.86 0 128-43.77 128-120.19 0-3.11-.65-6.08-.97-9.13l-88.01-73.34zM457.89 0c-15.16 0-29.37 6.71-40.21 16.45C213.27 199.05 192 203.34 192 257.09c0 13.7 3.25 26.76 8.73 38.7l63.82 53.18c7.21 1.8 14.64 3.03 22.39 3.03 62.11 0 98.11-45.47 211.16-256.46 7.38-14.35 13.9-29.85 13.9-45.99C512 20.64 486 0 457.89 0z\"><\/path><\/svg>\t\t\t\t\t\t\t\t<\/span>\n\t\t\t\t\t\t\t<\/div>\n\t\t\t\t\t\t<\/div>\n\t\t\t\t\t\t<div class=\"eael-feature-list-content-box\">\n\t\t\t\t\t\t\t<h3 class=\"eael-feature-list-title\"\t\t\t\t\t\t\t>Barreras culturales<\/h3\t\t\t\t\t\t>\n\t\t\t\t\t\t<p class=\"eael-feature-list-content\">Es la discriminaci\u00f3n de sectores de la ciudadan\u00eda por razones de g\u00e9nero, raza, religi\u00f3n o preferencias sexuales.<\/p>\n\t\t\t\t\t\t<\/div>\n\n\t\t\t\t\t<\/li>\n\t\t\t\t                <li class=\"eael-feature-list-item elementor-repeater-item-ebce5cc\">\n                    \n\t\t\t\t\t\t<div class=\"eael-feature-list-icon-box\">\n\t\t\t\t\t\t\t<div class=\"eael-feature-list-icon-inner\">\n\n\t\t\t\t\t\t\t\t<span class=\"eael-feature-list-icon fl-icon-3\">\n\n\t\t<svg aria-hidden=\"true\" class=\"e-font-icon-svg e-fas-money-check-alt\" viewBox=\"0 0 640 512\" xmlns=\"http:\/\/www.w3.org\/2000\/svg\"><path d=\"M608 32H32C14.33 32 0 46.33 0 64v384c0 17.67 14.33 32 32 32h576c17.67 0 32-14.33 32-32V64c0-17.67-14.33-32-32-32zM176 327.88V344c0 4.42-3.58 8-8 8h-16c-4.42 0-8-3.58-8-8v-16.29c-11.29-.58-22.27-4.52-31.37-11.35-3.9-2.93-4.1-8.77-.57-12.14l11.75-11.21c2.77-2.64 6.89-2.76 10.13-.73 3.87 2.42 8.26 3.72 12.82 3.72h28.11c6.5 0 11.8-5.92 11.8-13.19 0-5.95-3.61-11.19-8.77-12.73l-45-13.5c-18.59-5.58-31.58-23.42-31.58-43.39 0-24.52 19.05-44.44 42.67-45.07V152c0-4.42 3.58-8 8-8h16c4.42 0 8 3.58 8 8v16.29c11.29.58 22.27 4.51 31.37 11.35 3.9 2.93 4.1 8.77.57 12.14l-11.75 11.21c-2.77 2.64-6.89 2.76-10.13.73-3.87-2.43-8.26-3.72-12.82-3.72h-28.11c-6.5 0-11.8 5.92-11.8 13.19 0 5.95 3.61 11.19 8.77 12.73l45 13.5c18.59 5.58 31.58 23.42 31.58 43.39 0 24.53-19.05 44.44-42.67 45.07zM416 312c0 4.42-3.58 8-8 8H296c-4.42 0-8-3.58-8-8v-16c0-4.42 3.58-8 8-8h112c4.42 0 8 3.58 8 8v16zm160 0c0 4.42-3.58 8-8 8h-80c-4.42 0-8-3.58-8-8v-16c0-4.42 3.58-8 8-8h80c4.42 0 8 3.58 8 8v16zm0-96c0 4.42-3.58 8-8 8H296c-4.42 0-8-3.58-8-8v-16c0-4.42 3.58-8 8-8h272c4.42 0 8 3.58 8 8v16z\"><\/path><\/svg>\t\t\t\t\t\t\t\t<\/span>\n\t\t\t\t\t\t\t<\/div>\n\t\t\t\t\t\t<\/div>\n\t\t\t\t\t\t<div class=\"eael-feature-list-content-box\">\n\t\t\t\t\t\t\t<h3 class=\"eael-feature-list-title\"\t\t\t\t\t\t\t>Barreras econ\u00f3micas<\/h3\t\t\t\t\t\t>\n\t\t\t\t\t\t<p class=\"eael-feature-list-content\">Abarca el problema de la pobreza, las dificultades en el acceso a los recursos, al cr\u00e9dito y a su impacto en la participaci\u00f3n pol\u00edtica de los sectores afectados.<\/p>\n\t\t\t\t\t\t<\/div>\n\n\t\t\t\t\t<\/li>\n\t\t\t\t                <li class=\"eael-feature-list-item elementor-repeater-item-dbab818\">\n                    \n\t\t\t\t\t\t<div class=\"eael-feature-list-icon-box\">\n\t\t\t\t\t\t\t<div class=\"eael-feature-list-icon-inner\">\n\n\t\t\t\t\t\t\t\t<span class=\"eael-feature-list-icon fl-icon-4\">\n\n\t\t<svg aria-hidden=\"true\" class=\"e-font-icon-svg e-fas-search-location\" viewBox=\"0 0 512 512\" xmlns=\"http:\/\/www.w3.org\/2000\/svg\"><path d=\"M505.04 442.66l-99.71-99.69c-4.5-4.5-10.6-7-17-7h-16.3c27.6-35.3 44-79.69 44-127.99C416.03 93.09 322.92 0 208.02 0S0 93.09 0 207.98s93.11 207.98 208.02 207.98c48.3 0 92.71-16.4 128.01-44v16.3c0 6.4 2.5 12.5 7 17l99.71 99.69c9.4 9.4 24.6 9.4 33.9 0l28.3-28.3c9.4-9.4 9.4-24.59.1-33.99zm-297.02-90.7c-79.54 0-144-64.34-144-143.98 0-79.53 64.35-143.98 144-143.98 79.54 0 144 64.34 144 143.98 0 79.53-64.35 143.98-144 143.98zm.02-239.96c-40.78 0-73.84 33.05-73.84 73.83 0 32.96 48.26 93.05 66.75 114.86a9.24 9.24 0 0 0 14.18 0c18.49-21.81 66.75-81.89 66.75-114.86 0-40.78-33.06-73.83-73.84-73.83zm0 96c-13.26 0-24-10.75-24-24 0-13.26 10.75-24 24-24s24 10.74 24 24c0 13.25-10.75 24-24 24z\"><\/path><\/svg>\t\t\t\t\t\t\t\t<\/span>\n\t\t\t\t\t\t\t<\/div>\n\t\t\t\t\t\t<\/div>\n\t\t\t\t\t\t<div class=\"eael-feature-list-content-box\">\n\t\t\t\t\t\t\t<h3 class=\"eael-feature-list-title\"\t\t\t\t\t\t\t>Barreras geogr\u00e1ficas o territoriales<\/h3\t\t\t\t\t\t>\n\t\t\t\t\t\t<p class=\"eael-feature-list-content\">La exclusi\u00f3n vinculada a aspectos territoriales se relaciona con la sobre o subrepresentaci\u00f3n de la poblaci\u00f3n de algunos territorios; o con la variable urbano\/rural.<\/p>\n\t\t\t\t\t\t<\/div>\n\n\t\t\t\t\t<\/li>\n\t\t\t\t                <li class=\"eael-feature-list-item elementor-repeater-item-932c394\">\n                    \n\t\t\t\t\t\t<div class=\"eael-feature-list-icon-box\">\n\t\t\t\t\t\t\t<div class=\"eael-feature-list-icon-inner\">\n\n\t\t\t\t\t\t\t\t<span class=\"eael-feature-list-icon fl-icon-5\">\n\n\t\t<i aria-hidden=\"true\" class=\"hm hm-network1\"><\/i>\t\t\t\t\t\t\t\t<\/span>\n\t\t\t\t\t\t\t<\/div>\n\t\t\t\t\t\t<\/div>\n\t\t\t\t\t\t<div class=\"eael-feature-list-content-box\">\n\t\t\t\t\t\t\t<h3 class=\"eael-feature-list-title\"\t\t\t\t\t\t\t>Barreras administrativas.<\/h3\t\t\t\t\t\t>\n\t\t\t\t\t\t<p class=\"eael-feature-list-content\">La falta de documentaci\u00f3n personal, principalmente en personas indocumentadas, representa una primera condici\u00f3n de invisibilidad del ciudadano, que act\u00faa como factor de exclusi\u00f3n de casi todos los derechos, no s\u00f3lo de los vinculados con la participaci\u00f3n pol\u00edtica. <\/p>\n\t\t\t\t\t\t<\/div>\n\n\t\t\t\t\t<\/li>\n\t\t\t\t\t\t\t<\/ul>\n\t\t<\/div>\n\t\t\t\t<\/div>\n\t\t\t\t<\/div>\n\t\t\t\t\t<\/div>\n\t\t<\/div>\n\t\t\t\t\t\t\t<\/div>\n\t\t<\/section>\n\t\t<div class=\"elementor-element elementor-element-9b93e17 e-flex e-con-boxed wpr-particle-no wpr-jarallax-no wpr-parallax-no wpr-sticky-section-no e-con e-parent\" data-id=\"9b93e17\" data-element_type=\"container\" data-settings=\"{&quot;content_width&quot;:&quot;boxed&quot;}\" data-core-v316-plus=\"true\">\n\t\t\t\t\t<div class=\"e-con-inner\">\n\t\t\t\t<div class=\"elementor-element elementor-element-1b60049 elementor-widget elementor-widget-text-editor\" data-id=\"1b60049\" data-element_type=\"widget\" data-widget_type=\"text-editor.default\">\n\t\t\t\t<div class=\"elementor-widget-container\">\n\t\t\t\t\t\t\t<p><strong>EN RESUMEN:<\/strong> La inclusi\u00f3n es el proceso para involucrar e integrar a todas las personas que por cualquier raz\u00f3n o motivo son marginadas, as\u00ed como respetarlas y tomar en cuenta sus opiniones, no solamente dentro de la vida pol\u00edtica, sino en todos los \u00e1mbitos posibles; eliminando las barreras existentes.<\/p><p>El primer paso para comenzar a quitar las barreras culturales en nuestro pa\u00eds fue la inclusi\u00f3n de las mujeres en la pol\u00edtica; el cual se otorg\u00f3 con el derecho al voto en 1953, 36 a\u00f1os despu\u00e9s de que la Constituci\u00f3n de 1917 lo reconociera para los varones (ONU Mujeres, 2011).<\/p>\t\t\t\t\t\t<\/div>\n\t\t\t\t<\/div>\n\t\t<div class=\"elementor-element elementor-element-c7629fa e-flex e-con-boxed wpr-particle-no wpr-jarallax-no wpr-parallax-no wpr-sticky-section-no e-con e-child\" data-id=\"c7629fa\" data-element_type=\"container\" data-settings=\"{&quot;content_width&quot;:&quot;boxed&quot;}\">\n\t\t\t\t\t<div class=\"e-con-inner\">\n\t\t\t\t<div class=\"elementor-element elementor-element-650c784 eael-flipbox-content-align-center elementor-widget elementor-widget-eael-flip-box\" data-id=\"650c784\" data-element_type=\"widget\" data-widget_type=\"eael-flip-box.default\">\n\t\t\t\t<div class=\"elementor-widget-container\">\n\t\t\t\n        <div class=\"eael-elements-flip-box-container eael-animate-flip eael-animate-left eael-content\">\n\n            <div class=\"eael-elements-flip-box-flip-card\">\n                <div class=\"eael-elements-flip-box-front-container\">\n\n                    \n                        <div class=\"eael-elements-slider-display-table\">\n                            <div class=\"eael-elements-flip-box-vertical-align\">\n                                <div class=\"eael-elements-flip-box-padding\">\n                                    <div class=\"eael-elements-flip-box-icon-image\">\n                                                                                    <i aria-hidden=\"true\" class=\"ea-flipbox-icon hm hm-question\"><\/i>                                                                                    <\/div>\n                                                                        <h2 class=\"eael-elements-flip-box-heading\">\u00bfSab\u00edas qu\u00e9?<\/h2>\n                                                                        <div class=\"eael-elements-flip-box-content\">\n                                        <p>Toca para girar.<\/p>                                    <\/div>\n                                <\/div>\n                            <\/div>\n                        <\/div>\n                                    <\/div>\n\n                <div class=\"eael-elements-flip-box-rear-container\">\n\n                                            <div class=\"eael-elements-slider-display-table\">\n                            <div class=\"eael-elements-flip-box-vertical-align\">\n                                <div class=\"eael-elements-flip-box-padding\">\n                                                                            <div class=\"eael-elements-flip-box-icon-image\">\n                                            <svg aria-hidden=\"true\" class=\"ea-flipbox-icon e-font-icon-svg e-fas-vote-yea\" viewBox=\"0 0 640 512\" xmlns=\"http:\/\/www.w3.org\/2000\/svg\"><path d=\"M608 320h-64v64h22.4c5.3 0 9.6 3.6 9.6 8v16c0 4.4-4.3 8-9.6 8H73.6c-5.3 0-9.6-3.6-9.6-8v-16c0-4.4 4.3-8 9.6-8H96v-64H32c-17.7 0-32 14.3-32 32v96c0 17.7 14.3 32 32 32h576c17.7 0 32-14.3 32-32v-96c0-17.7-14.3-32-32-32zm-96 64V64.3c0-17.9-14.5-32.3-32.3-32.3H160.4C142.5 32 128 46.5 128 64.3V384h384zM211.2 202l25.5-25.3c4.2-4.2 11-4.2 15.2.1l41.3 41.6 95.2-94.4c4.2-4.2 11-4.2 15.2.1l25.3 25.5c4.2 4.2 4.2 11-.1 15.2L300.5 292c-4.2 4.2-11 4.2-15.2-.1l-74.1-74.7c-4.3-4.2-4.2-11 0-15.2z\"><\/path><\/svg>                                                <\/div>\n                                                                                                            <div class=\"eael-elements-flip-box-content\">\n                                        <p>La participaci\u00f3n de las mujeres por el derecho al voto estuvo presente en el Congreso Constituyente, Hermila Galindo, \"con s\u00f3lo 20 a\u00f1os subi\u00f3 a la tribuna el 12 de diciembre de 1916 y present\u00f3 la propuesta de otorgarle el voto a la mujer a fin de tener derecho de participar en las elecciones para diputados\" (Cimac, 2003).<\/p>                                    <\/div>\n\n                                                                    <\/div>\n                            <\/div>\n                        <\/div>\n                                    <\/div>\n            <\/div>\n        <\/div>\n\n\t\t<\/div>\n\t\t\t\t<\/div>\n\t\t\t\t<div class=\"elementor-element elementor-element-972fa26 elementor-widget elementor-widget-premium-addon-modal-box\" data-id=\"972fa26\" data-element_type=\"widget\" data-settings=\"{&quot;premium_modal_box_animation&quot;:&quot;fadeInDown&quot;}\" data-widget_type=\"premium-addon-modal-box.default\">\n\t\t\t\t<div class=\"elementor-widget-container\">\n\t\t\t\r\n\t\t<div class=\"premium-modal-box-container\" data-settings=\"{&quot;trigger&quot;:&quot;button&quot;}\">\r\n\t\t\t<div class=\"premium-modal-trigger-container\">\r\n\t\t\t\t\t\t\t\t\t<button data-toggle=\"premium-modal\" data-target=\"#premium-modal-972fa26\" type=\"button\" class=\"premium-modal-trigger-btn premium-btn-lg\">\r\n\t\t\t\t\t\t\t\t\t\t\t\t<span>Leer m\u00e1s<\/span>\r\n\t\t\t\t\t\t\t\t\t\t\t<\/button>\r\n\t\t\t\t\t\t\t<\/div>\r\n\r\n\t\t\t<div id=\"premium-modal-972fa26\" class=\"premium-modal-box-modal\" role=\"dialog\" style=\"display: none\">\r\n\t\t\t\t<div class=\"premium-modal-box-modal-dialog\" data-delay-animation=\"\" data-modal-animation=\"fadeInDown animated-fast\">\r\n\t\t\t\t\t\t\t\t\t\t\t<div class=\"premium-modal-box-modal-header\">\r\n\t\t\t\t\t\t\t\t\t\t\t\t\t\t\t\t\t\t\t\t\t\t<div class=\"premium-modal-box-close-button-container\">\r\n\t\t\t\t\t\t\t\t\t<button type=\"button\" class=\"premium-modal-box-modal-close\" data-dismiss=\"premium-modal\">&times;<\/button>\r\n\t\t\t\t\t\t\t\t<\/div>\r\n\t\t\t\t\t\t\t\t\t\t\t\t\t<\/div>\r\n\t\t\t\t\t\t\t\t\t\t<div class=\"premium-modal-box-modal-body\">\r\n\t\t\t\t\t\t<p>\t\t<div data-elementor-type=\"wp-post\" data-elementor-id=\"1474\" class=\"elementor elementor-1474\">\n\t\t\t\t\t\t\t<div class=\"elementor-element elementor-element-56d7652 e-flex e-con-boxed wpr-particle-no wpr-jarallax-no wpr-parallax-no wpr-sticky-section-no e-con e-parent\" data-id=\"56d7652\" data-element_type=\"container\" data-settings=\"{&quot;content_width&quot;:&quot;boxed&quot;}\" data-core-v316-plus=\"true\">\n\t\t\t\t\t<div class=\"e-con-inner\">\n\t\t\t\t<div class=\"elementor-element elementor-element-3cae3eb elementor-widget elementor-widget-heading\" data-id=\"3cae3eb\" data-element_type=\"widget\" data-widget_type=\"heading.default\">\n\t\t\t\t<div class=\"elementor-widget-container\">\n\t\t\t<h2 class=\"elementor-heading-title elementor-size-default\">\u00bfSab\u00edas qu\u00e9?<\/h2>\t\t<\/div>\n\t\t\t\t<\/div>\n\t\t\t\t<div class=\"elementor-element elementor-element-bf97781 elementor-widget elementor-widget-text-editor\" data-id=\"bf97781\" data-element_type=\"widget\" data-widget_type=\"text-editor.default\">\n\t\t\t\t<div class=\"elementor-widget-container\">\n\t\t\t\t\t\t\t<p>Desde 1915, en Yucat\u00e1n, empezaron los preparativos para la realizaci\u00f3n del primer Congreso Feminista. Los resultados de este Congreso fueron muy importantes para mejorar la condici\u00f3n de las mujeres, las principales resoluciones fueron: <em>a)<\/em> pedir que se modificara la &#8220;legislaci\u00f3n civil para otorgar a las mujeres m\u00e1s libertad para que pudieran llevar a cabo sus aspiraciones&#8221;; <em>b)<\/em> el derecho de la mujer a tener una profesi\u00f3n u\u00a0 oficio para ganarse la vida; <em>c)<\/em> educar a la mujer intelectualmente; <em>d) <\/em>que se fomentar\u00e1 el ejercicio de nuevas profesiones; y <em>e<\/em>) el fomento de la literatura y escritura (Jim\u00e9nez y Reyes, 2000).<\/p><p>Posterior a esos a\u00f1os se crearon organizaciones en diversas ciudades del pa\u00eds, por ejemplo, en Zacatecas se organiz\u00f3 el Centro Femenino de Estudios Sociales, en la ciudad de M\u00e9xico, el grupo Alma Roja (1918) y el Consejo Nacional de Mujeres. Publicaron peri\u00f3dicos, hojas volantes, participaban en m\u00edtines y hablaban en las iglesias.<\/p><p>Las mujeres organizadas en diversos grupos se fusionaron en un Frente de Mujeres. Dicho Frente se consolid\u00f3 en el Congreso realizado en 1935 y dio pie al Frente \u00danico Pro Derechos de la Mujer (FUPDM), en el cual se manifestaron las diversas posiciones pol\u00edticas del movimiento social femenino.<\/p><p>L\u00e1zaro C\u00e1rdenas durante su gesti\u00f3n prometi\u00f3 a las mujeres el voto y envi\u00f3 en 1937 una iniciativa de reforma al art\u00edculo 24 de la Constituci\u00f3n para otorgarles dicho derecho, aunque la C\u00e1mara de Senadores la aprueba, la de Diputados la rechaza, generando discrepancia.<\/p><p>La Alianza Nacional Femenina y el Grupo Leona Vicario realizaron protestas solicitando que se aprobara la iniciativa de C\u00e1rdenas y tras varios a\u00f1os de lucha consiguen que en 1946 la C\u00e1mara de Diputados apruebe la adici\u00f3n al art\u00edculo 158 que concede el derecho a votar a las mujeres, se vota s\u00f3lo para las presidencias municipales. Todav\u00eda pasaron siete a\u00f1os m\u00e1s (1953) para que estas modificaciones fueran publicadas en el Diario Oficial de la Federaci\u00f3n y el derecho fuera ejercido (Cimac, 2003).\u00a0<\/p><p><strong>EN RESUMEN:<\/strong> La inclusi\u00f3n de las mujeres en la vida pol\u00edtica a\u00fan tiene mucho camino que recorrer, pues en algunos aspectos a\u00fan existen barreras, pero gracias a la lucha feminista en esa \u00e9poca se ha ido incluyendo m\u00e1s las opiniones de las mujeres, hasta el punto de postularse a candidaturas m\u00e1s importantes como la presidencia. Sin embargo, a diferencia de las mujeres, existen otros grupos vulnerables que no han tenido el mismo \u00e9xito para la validaci\u00f3n de sus derechos humanos y la inclusi\u00f3n en la sociedad, tal es el caso de las personas con discapacidad.<\/p>\t\t\t\t\t\t<\/div>\n\t\t\t\t<\/div>\n\t\t\t\t\t<\/div>\n\t\t\t\t<\/div>\n\t\t\t\t\t\t\t<\/div>\n\t\t<\/p>\t\t\t\t\t<\/div>\r\n\t\t\t\t\t\t\t\t\t\t\t<div class=\"premium-modal-box-modal-footer\">\r\n\t\t\t\t\t\t\t<button type=\"button\" class=\"premium-modal-box-modal-lower-close\" data-dismiss=\"premium-modal\">\r\n\t\t\t\t\t\t\t\tCerrar\t\t\t\t\t\t\t<\/button>\r\n\t\t\t\t\t\t<\/div>\r\n\t\t\t\t\t\t\t\t\t<\/div>\r\n\t\t\t<\/div>\r\n\t\t<\/div>\r\n\r\n\t\t\t\t<\/div>\n\t\t\t\t<\/div>\n\t\t\t\t\t<\/div>\n\t\t\t\t<\/div>\n\t\t\t\t\t<\/div>\n\t\t\t\t<\/div>\n\t\t<div class=\"elementor-element elementor-element-0ad7bb8 e-flex e-con-boxed wpr-particle-no wpr-jarallax-no wpr-parallax-no wpr-sticky-section-no e-con e-parent\" data-id=\"0ad7bb8\" data-element_type=\"container\" data-settings=\"{&quot;content_width&quot;:&quot;boxed&quot;}\" data-core-v316-plus=\"true\">\n\t\t\t\t\t<div class=\"e-con-inner\">\n\t\t<div class=\"elementor-element elementor-element-7ed3a1b e-con-full e-flex wpr-particle-no wpr-jarallax-no wpr-parallax-no wpr-sticky-section-no e-con e-child\" data-id=\"7ed3a1b\" data-element_type=\"container\" data-settings=\"{&quot;content_width&quot;:&quot;full&quot;}\">\n\t\t\t\t<div class=\"elementor-element elementor-element-9da28f1 elementor-widget elementor-widget-heading\" data-id=\"9da28f1\" data-element_type=\"widget\" data-widget_type=\"heading.default\">\n\t\t\t\t<div class=\"elementor-widget-container\">\n\t\t\t<h2 class=\"elementor-heading-title elementor-size-default\">\u00bfQu\u00e9 es la discapacidad?<\/h2>\t\t<\/div>\n\t\t\t\t<\/div>\n\t\t\t\t<\/div>\n\t\t\t\t\t<\/div>\n\t\t\t\t<\/div>\n\t\t<div class=\"elementor-element elementor-element-ac53ef4 e-flex e-con-boxed wpr-particle-no wpr-jarallax-no wpr-parallax-no wpr-sticky-section-no e-con e-parent\" data-id=\"ac53ef4\" data-element_type=\"container\" data-settings=\"{&quot;content_width&quot;:&quot;boxed&quot;}\" data-core-v316-plus=\"true\">\n\t\t\t\t\t<div class=\"e-con-inner\">\n\t\t<div class=\"elementor-element elementor-element-71e443a e-con-full e-flex wpr-particle-no wpr-jarallax-no wpr-parallax-no wpr-sticky-section-no e-con e-child\" data-id=\"71e443a\" data-element_type=\"container\" data-settings=\"{&quot;content_width&quot;:&quot;full&quot;}\">\n\t\t\t\t<div class=\"elementor-element elementor-element-8409761 elementor-widget elementor-widget-text-editor\" data-id=\"8409761\" data-element_type=\"widget\" data-widget_type=\"text-editor.default\">\n\t\t\t\t<div class=\"elementor-widget-container\">\n\t\t\t\t\t\t\t<p>De acuerdo con la Organizaci\u00f3n Mundial de la Salud, la discapacidad es un t\u00e9rmino general que abarca las deficiencias, las limitaciones de la actividad y las restricciones de la participaci\u00f3n. Las deficiencias son problemas que afectan a una estructura o funci\u00f3n corporal; las limitaciones de la actividad son dificultades para ejecutar acciones o tareas, y las restricciones de la participaci\u00f3n son problemas para participar en situaciones vitales.<\/p><p>Existen diferentes tipos de discapacidad<\/p>\t\t\t\t\t\t<\/div>\n\t\t\t\t<\/div>\n\t\t\t\t<div class=\"elementor-element elementor-element-13f383d wpr-list-style-none elementor-widget elementor-widget-wpr-posts-timeline\" data-id=\"13f383d\" data-element_type=\"widget\" data-settings=\"{&quot;animation_offset&quot;:150,&quot;aos_animation_duration&quot;:600}\" data-widget_type=\"wpr-posts-timeline.default\">\n\t\t\t\t<div class=\"elementor-widget-container\">\n\t\t\t\n\t\t<div class=\"wpr-wrapper wpr-vertical wpr-centered\">\n\t\t\t<div class=\"wpr-timeline-centered wpr-line wpr-both-sided-timeline\"><div class=\"wpr-middle-line\"><\/div><div class=\"wpr-timeline-fill\" data-layout=\"centered\"><\/div><span class=\"wpr-year-wrap\"><span class=\"wpr-year-label wpr-year\"><\/span><\/span><article class=\"wpr-timeline-entry wpr-left-aligned elementor-repeater-item-2d43a17\" data-item-id=\"elementor-repeater-item-2d43a17\"><time class=\"wpr-extra-label\" data-aos=\"fade\" data-aos-left=\"\" data-aos-right=\"\" data-animation-offset=\"150\" data-animation-duration=\"600\"><span class=\"wpr-label\">Sensorial Visual<\/span><\/time><div class=\"wpr-timeline-entry-inner\"><div class=\"wpr-main-line-icon wpr-icon\"><i aria-hidden=\"true\" class=\"far fa-flag\"><\/i><\/div><div class=\"wpr-story-info-vertical wpr-data-wrap \"  data-aos=\"fade\" data-aos-left=\"\" data-aos-right=\"\" data-animation-offset=\"150\" data-animation-duration=\"600\"><div class=\"wpr-animation-wrap wpr-timeline-media\"><img loading=\"lazy\" decoding=\"async\" width=\"1280\" height=\"853\" src=\"https:\/\/doscuervosm.com.mx\/wp-content\/uploads\/2023\/12\/eye-pupil-vision-4367141.jpg\" class=\"attachment-full size-full\" alt=\"eye, pupil, vision-4367141.jpg\" srcset=\"https:\/\/doscuervosm.com.mx\/wp-content\/uploads\/2023\/12\/eye-pupil-vision-4367141.jpg 1280w, https:\/\/doscuervosm.com.mx\/wp-content\/uploads\/2023\/12\/eye-pupil-vision-4367141-300x200.jpg 300w, https:\/\/doscuervosm.com.mx\/wp-content\/uploads\/2023\/12\/eye-pupil-vision-4367141-1024x682.jpg 1024w, https:\/\/doscuervosm.com.mx\/wp-content\/uploads\/2023\/12\/eye-pupil-vision-4367141-768x512.jpg 768w\" sizes=\"(max-width: 1280px) 100vw, 1280px\" \/><\/div><div class=\"wpr-timeline-content-wrapper\"><div class=\"wpr-content-wrapper\"><p class=\"wpr-title-wrap\"><span class=\"wpr-title\">Sensorial Visual<\/span><\/p><div class=\"wpr-description\"><p>Es la deficiencia estructural o funcional del \u00f3rgano de la visi\u00f3n y de sus funciones asociadas.<\/p><\/div><\/div><\/div><\/div>\n\t\t\t\t\t\t<\/div>\n\t\t\t\t<\/article><span class=\"wpr-year-wrap\"><span class=\"wpr-year-label wpr-year\"><\/span><\/span><article class=\"wpr-timeline-entry wpr-right-aligned elementor-repeater-item-c6e7c31\" data-item-id=\"elementor-repeater-item-c6e7c31\"><time class=\"wpr-extra-label\" data-aos=\"fade\" data-aos-left=\"\" data-aos-right=\"\" data-animation-offset=\"150\" data-animation-duration=\"600\"><span class=\"wpr-label\">Sensorial Auditiva<\/span><\/time><div class=\"wpr-timeline-entry-inner\"><div class=\"wpr-main-line-icon wpr-icon\"><i aria-hidden=\"true\" class=\"far fa-flag\"><\/i><\/div><div class=\"wpr-story-info-vertical wpr-data-wrap \"  data-aos=\"fade\" data-aos-left=\"\" data-aos-right=\"\" data-animation-offset=\"150\" data-animation-duration=\"600\"><div class=\"wpr-animation-wrap wpr-timeline-media\"><img loading=\"lazy\" decoding=\"async\" width=\"1280\" height=\"853\" src=\"https:\/\/doscuervosm.com.mx\/wp-content\/uploads\/2023\/12\/ear-girl-pierced-207405.jpg\" class=\"attachment-full size-full\" alt=\"ear, girl, pierced-207405.jpg\" srcset=\"https:\/\/doscuervosm.com.mx\/wp-content\/uploads\/2023\/12\/ear-girl-pierced-207405.jpg 1280w, https:\/\/doscuervosm.com.mx\/wp-content\/uploads\/2023\/12\/ear-girl-pierced-207405-300x200.jpg 300w, https:\/\/doscuervosm.com.mx\/wp-content\/uploads\/2023\/12\/ear-girl-pierced-207405-1024x682.jpg 1024w, https:\/\/doscuervosm.com.mx\/wp-content\/uploads\/2023\/12\/ear-girl-pierced-207405-768x512.jpg 768w\" sizes=\"(max-width: 1280px) 100vw, 1280px\" \/><\/div><div class=\"wpr-timeline-content-wrapper\"><div class=\"wpr-content-wrapper\"><p class=\"wpr-title-wrap\"><span class=\"wpr-title\">Sensorial Auditiva<\/span><\/p><div class=\"wpr-description\"><p>Es la restricci\u00f3n en la funci\u00f3n de la percepci\u00f3n de los sonidos externos, alteraci\u00f3n de los mecanismos de transmisi\u00f3n, transducci\u00f3n, conducci\u00f3n e integraci\u00f3n del est\u00edmulo sonoro, que a su vez pueden limitar la capacidad de comunicaci\u00f3n.<\/p><\/div><\/div><\/div><\/div>\n\t\t\t\t\t\t<\/div>\n\t\t\t\t<\/article><span class=\"wpr-year-wrap\"><span class=\"wpr-year-label wpr-year\"><\/span><\/span><article class=\"wpr-timeline-entry wpr-left-aligned elementor-repeater-item-59410d4\" data-item-id=\"elementor-repeater-item-59410d4\"><time class=\"wpr-extra-label\" data-aos=\"fade\" data-aos-left=\"\" data-aos-right=\"\" data-animation-offset=\"150\" data-animation-duration=\"600\"><span class=\"wpr-label\">Discapacidad Motriz<\/span><\/time><div class=\"wpr-timeline-entry-inner\"><div class=\"wpr-main-line-icon wpr-icon\"><i aria-hidden=\"true\" class=\"far fa-flag\"><\/i><\/div><div class=\"wpr-story-info-vertical wpr-data-wrap \"  data-aos=\"fade\" data-aos-left=\"\" data-aos-right=\"\" data-animation-offset=\"150\" data-animation-duration=\"600\"><div class=\"wpr-animation-wrap wpr-timeline-media\"><img loading=\"lazy\" decoding=\"async\" width=\"853\" height=\"1280\" src=\"https:\/\/doscuervosm.com.mx\/wp-content\/uploads\/2023\/12\/stairlift-elevator-stairs-1796216.jpg\" class=\"attachment-full size-full\" alt=\"stairlift, elevator, stairs-1796216.jpg\" srcset=\"https:\/\/doscuervosm.com.mx\/wp-content\/uploads\/2023\/12\/stairlift-elevator-stairs-1796216.jpg 853w, https:\/\/doscuervosm.com.mx\/wp-content\/uploads\/2023\/12\/stairlift-elevator-stairs-1796216-200x300.jpg 200w, https:\/\/doscuervosm.com.mx\/wp-content\/uploads\/2023\/12\/stairlift-elevator-stairs-1796216-682x1024.jpg 682w, https:\/\/doscuervosm.com.mx\/wp-content\/uploads\/2023\/12\/stairlift-elevator-stairs-1796216-768x1152.jpg 768w\" sizes=\"(max-width: 853px) 100vw, 853px\" \/><\/div><div class=\"wpr-timeline-content-wrapper\"><div class=\"wpr-content-wrapper\"><p class=\"wpr-title-wrap\"><span class=\"wpr-title\">Discapacidad Motriz<\/span><\/p><div class=\"wpr-description\"><p>Es la secuela o malformaci\u00f3n que deriva de una afecci\u00f3n en el sistema neuromuscular a nivel central o perif\u00e9rico, dando como resultado alteraciones en el control del movimiento y la postura.<\/p><\/div><\/div><\/div><\/div>\n\t\t\t\t\t\t<\/div>\n\t\t\t\t<\/article><span class=\"wpr-year-wrap\"><span class=\"wpr-year-label wpr-year\"><\/span><\/span><article class=\"wpr-timeline-entry wpr-right-aligned elementor-repeater-item-5ade5f8\" data-item-id=\"elementor-repeater-item-5ade5f8\"><time class=\"wpr-extra-label\" data-aos=\"fade\" data-aos-left=\"\" data-aos-right=\"\" data-animation-offset=\"150\" data-animation-duration=\"600\"><span class=\"wpr-label\">Intelectual<\/span><\/time><div class=\"wpr-timeline-entry-inner\"><div class=\"wpr-main-line-icon wpr-icon\"><i aria-hidden=\"true\" class=\"far fa-flag\"><\/i><\/div><div class=\"wpr-story-info-vertical wpr-data-wrap \"  data-aos=\"fade\" data-aos-left=\"\" data-aos-right=\"\" data-animation-offset=\"150\" data-animation-duration=\"600\"><div class=\"wpr-animation-wrap wpr-timeline-media\"><img loading=\"lazy\" decoding=\"async\" width=\"1280\" height=\"853\" src=\"https:\/\/doscuervosm.com.mx\/wp-content\/uploads\/2023\/12\/book-coffee-paper-7416985.jpg\" class=\"attachment-full size-full\" alt=\"book, coffee, paper-7416985.jpg\" srcset=\"https:\/\/doscuervosm.com.mx\/wp-content\/uploads\/2023\/12\/book-coffee-paper-7416985.jpg 1280w, https:\/\/doscuervosm.com.mx\/wp-content\/uploads\/2023\/12\/book-coffee-paper-7416985-300x200.jpg 300w, https:\/\/doscuervosm.com.mx\/wp-content\/uploads\/2023\/12\/book-coffee-paper-7416985-1024x682.jpg 1024w, https:\/\/doscuervosm.com.mx\/wp-content\/uploads\/2023\/12\/book-coffee-paper-7416985-768x512.jpg 768w\" sizes=\"(max-width: 1280px) 100vw, 1280px\" \/><\/div><div class=\"wpr-timeline-content-wrapper\"><div class=\"wpr-content-wrapper\"><p class=\"wpr-title-wrap\"><span class=\"wpr-title\">Intelectual<\/span><\/p><div class=\"wpr-description\"><p>Se caracteriza por limitaciones significativas tanto en la estructura del pensamiento razonada, como en la conducta adaptativa de la persona.<\/p><\/div><\/div><\/div><\/div>\n\t\t\t\t\t\t<\/div>\n\t\t\t\t<\/article><\/div>    \n\t\t\t<\/div>\t\t<\/div>\n\t\t\t\t<\/div>\n\t\t\t\t<\/div>\n\t\t\t\t\t<\/div>\n\t\t\t\t<\/div>\n\t\t<div class=\"elementor-element elementor-element-c5ac149 e-flex e-con-boxed wpr-particle-no wpr-jarallax-no wpr-parallax-no wpr-sticky-section-no e-con e-parent\" data-id=\"c5ac149\" data-element_type=\"container\" data-settings=\"{&quot;background_background&quot;:&quot;classic&quot;,&quot;content_width&quot;:&quot;boxed&quot;}\" data-core-v316-plus=\"true\">\n\t\t\t\t\t<div class=\"e-con-inner\">\n\t\t\t\t<div class=\"elementor-element elementor-element-6860cce elementor-widget elementor-widget-heading\" data-id=\"6860cce\" data-element_type=\"widget\" data-widget_type=\"heading.default\">\n\t\t\t\t<div class=\"elementor-widget-container\">\n\t\t\t<h2 class=\"elementor-heading-title elementor-size-default\">Situaci\u00f3n actual de las personas con discapacidad.<\/h2>\t\t<\/div>\n\t\t\t\t<\/div>\n\t\t\t\t\t<\/div>\n\t\t\t\t<\/div>\n\t\t<div class=\"elementor-element elementor-element-02aa9e1 e-flex e-con-boxed wpr-particle-no wpr-jarallax-no wpr-parallax-no wpr-sticky-section-no e-con e-parent\" data-id=\"02aa9e1\" data-element_type=\"container\" data-settings=\"{&quot;content_width&quot;:&quot;boxed&quot;}\" data-core-v316-plus=\"true\">\n\t\t\t\t\t<div class=\"e-con-inner\">\n\t\t<div class=\"elementor-element elementor-element-9b6519f e-con-full e-flex wpr-particle-no wpr-jarallax-no wpr-parallax-no wpr-sticky-section-no e-con e-child\" data-id=\"9b6519f\" data-element_type=\"container\" data-settings=\"{&quot;content_width&quot;:&quot;full&quot;,&quot;background_background&quot;:&quot;classic&quot;}\">\n\t\t\t\t<\/div>\n\t\t<div class=\"elementor-element elementor-element-10190a3 e-con-full e-flex wpr-particle-no wpr-jarallax-no wpr-parallax-no wpr-sticky-section-no e-con e-child\" data-id=\"10190a3\" data-element_type=\"container\" data-settings=\"{&quot;content_width&quot;:&quot;full&quot;}\">\n\t\t\t\t<div class=\"elementor-element elementor-element-ee9bbc2 elementor-widget elementor-widget-text-editor\" data-id=\"ee9bbc2\" data-element_type=\"widget\" data-widget_type=\"text-editor.default\">\n\t\t\t\t<div class=\"elementor-widget-container\">\n\t\t\t\t\t\t\t<p>Frecuentemente, las personas con discapacidad han sido excluidas de una participaci\u00f3n activa en la sociedad, y a la fecha carecen del reconocimiento pleno de sus derechos humanos, ya que se considera, equivocadamente, que no pueden llevar a cabo las mismas actividades, en igualdad de condiciones que el resto de las personas.<\/p><p>La Encuesta Nacional sobre Discriminaci\u00f3n en M\u00e9xico, realizada en el 2010 por el Consejo Nacional para Prevenir la Discriminaci\u00f3n, report\u00f3 que, del total de las personas encuestadas, el 12.5% no estar\u00eda dispuesta a vivir con personas con discapacidad; el 34.6% estaba en desacuerdo con dar trabajo a una persona con discapacidad y el 34% cre\u00eda que no se respetan los derechos de ese sector de la poblaci\u00f3n. Por su parte, el 90% de las personas con discapacidad dijeron haber sido discriminadas y m\u00e1s de la mitad considera que sus derechos no son respetados.<\/p><p>Existen varias leyes\/tratados que tanto internacionales como nacionales que velan por que sean respetados los derechos humanos de las personas con discapacidad, en las internacionales se encuentran:<\/p><ul><li>Declaraci\u00f3n Universal de Derechos Humanos<\/li><li>Pacto Internacional de Derechos Civiles y Pol\u00edticos<\/li><li>Pacto Internacional de Derechos Econ\u00f3micos, Sociales y Culturales<\/li><li>La Convenci\u00f3n sobre los Derechos de las Personas con Discapacidad<\/li><li>Convenci\u00f3n Interamericana para la Eliminaci\u00f3n de todas las formas de Discriminaci\u00f3n contra las Personas con Discapacidad<\/li><li>Normas uniformes sobre la igualdad de oportunidades para las personas con discapacidad de las Naciones Unidas<\/li><\/ul><p>Mientras que, en las nacionales:<\/p><ul><li>Constituci\u00f3n Pol\u00edtica de los Estados Unidos Mexicanos<\/li><li>Ley General para la Inclusi\u00f3n de las Personas con Discapacidad<\/li><li>Ley Federal para prevenir y eliminar la discriminaci\u00f3n<\/li><\/ul><p>Adem\u00e1s del Instituto de las Personas con Discapacidad de la Ciudad de M\u00e9xico (INDISCAPACIDAD CDMX), creado en el 1\u00b0 de septiembre de 2011 cuya filosof\u00eda fue establecer mecanismos sociales, institucionales y jur\u00eddicos que garantizaran la participaci\u00f3n activa y permanente de las Personas con Discapacidad en todos los \u00e1mbitos de la vida diaria, en un plano de igualdad al resto de los habitantes del entonces Distrito Federal (Historia de INDISCAPACIDAD, s.f.)<\/p><p>En cuanto a la participaci\u00f3n pol\u00edtica de las personas con discapacidad, son consideradas para poder votar y ser votadas, el INE tiene ciertos protocolos para que se lleve a cabo su participaci\u00f3n sin ser discriminados tales protocolos incluyen:<\/p><ol><li>Las personas que atienden las casillas de votaci\u00f3n dar\u00e1n un trato incluyente y respetuoso a las personas con discapacidad.<\/li><li>Las personas con discapacidad con credencial para votar y que est\u00e9n en la Lista Nominal pueden votar el d\u00eda de las elecciones. Las personas con discapacidad votar\u00e1n en la casilla que les toca, cerca de donde viven o en una casilla especial cuando est\u00e9n lejos de su domicilio.<\/li><li>Las personas con discapacidad podr\u00e1n votar sin hacer fila para entrar a la casilla. El personal de la casilla establecer\u00e1 el orden en que las personas entrar\u00e1n a ella a votar.<\/li><li>Las personas con discapacidad que necesiten apoyo para votar pueden pedir ayuda al personal de la casilla o a una persona de su confianza para hacerlo El personal de la casilla les preguntar\u00e1 qu\u00e9 tipo de ayuda necesitan.<\/li><li>El personal de la casilla informar\u00e1 a las personas con discapacidad sobre los materiales de apoyo para votar que hay en la casilla. Los materiales de apoyo son:<\/li><\/ol><ul><li>mampara especial,<\/li><li>plantilla en Sistema Braille<\/li><li>sello \u201cX\u201d para marcar su elecci\u00f3n<\/li><li>coj\u00edn de tinta<\/li><\/ul><p>El personal de la casilla permitir\u00e1 que las personas con discapacidad reciban apoyo para depositar su voto en la urna.<\/p><ol><li>Las personas con discapacidad podr\u00e1n usar los apoyos que necesiten para moverse dentro de la casilla como los animales de asistencia o los perros gu\u00eda.<\/li><li>Las personas con discapacidad que tengan dificultad para entrar o moverse en la casilla recibir\u00e1n el apoyo de un funcionario para:<\/li><\/ol><ul><li>buscar su nombre en la lista nominal,<\/li><li>acercarle la mampara especial y<\/li><li>votar en secreto.<\/li><\/ul><ol><li>Cuando las personas con discapacidad no puedan entrar a la casilla, se llevar\u00e1n las boletas dentro de un sobre hasta donde ellas est\u00e9n.<\/li><li>Las personas a quienes les falten las manos o los brazos podr\u00e1n usar el sello \u201cX\u201d y el coj\u00edn de tinta para votar. Tambi\u00e9n pueden solicitar la ayuda de una persona de su confianza o un funcionario de la casilla para votar en la casilla.<\/li><li>El personal de la casilla registrar\u00e1 la asistencia de la persona con discapacidad y le preguntar\u00e1 si:<\/li><\/ol><ul><li>necesita ayuda para votar,<\/li><li>est\u00e1 acompa\u00f1ada por una persona de su confianza,<\/li><li>su acompa\u00f1ante o el personal de la casilla le ayudaron a votar.<\/li><\/ul><p>El personal de la casilla marcar\u00e1 la credencial para votar de la persona con discapacidad que acudi\u00f3 a votar.<\/p><ol><li>La persona que acompa\u00f1a a la persona con discapacidad podr\u00e1 votar en esa misma casilla si su nombre aparece en la lista nominal. Las personas con discapacidad y su acompa\u00f1ante podr\u00e1n votar en las casillas especiales.<\/li><li>El personal del INE ayudar\u00e1 a las y los funcionarios de casilla a aplicar este protocolo de atenci\u00f3n para las personas con discapacidad.<\/li><li>El personal de la casilla atender\u00e1 cualquier necesidad que tengan las personas con discapacidad que asisten a votar. Tambi\u00e9n responder\u00e1 cualquier pregunta sobre la aplicaci\u00f3n de este protocolo.<\/li><li>El personal de la casilla anotar\u00e1 las dificultades que enfrenten las personas con discapacidad para votar.<\/li><li>El personal de la casilla y las personas que representen a los partidos pol\u00edticos o a las candidatas y los candidatos independientes comprobar\u00e1n las acciones realizadas para que las personas con discapacidad puedan votar o participar.<\/li><\/ol>\t\t\t\t\t\t<\/div>\n\t\t\t\t<\/div>\n\t\t\t\t<\/div>\n\t\t\t\t\t<\/div>\n\t\t\t\t<\/div>\n\t\t<div class=\"elementor-element elementor-element-27088e9 e-flex e-con-boxed wpr-particle-no wpr-jarallax-no wpr-parallax-no wpr-sticky-section-no e-con e-parent\" data-id=\"27088e9\" data-element_type=\"container\" data-settings=\"{&quot;content_width&quot;:&quot;boxed&quot;}\" data-core-v316-plus=\"true\">\n\t\t\t\t\t<div class=\"e-con-inner\">\n\t\t\t\t<div class=\"elementor-element elementor-element-8c54e58 eael-flipbox-content-align-center elementor-widget elementor-widget-eael-flip-box\" data-id=\"8c54e58\" data-element_type=\"widget\" data-widget_type=\"eael-flip-box.default\">\n\t\t\t\t<div class=\"elementor-widget-container\">\n\t\t\t\n        <div class=\"eael-elements-flip-box-container eael-animate-flip eael-animate-left eael-content\">\n\n            <div class=\"eael-elements-flip-box-flip-card\">\n                <div class=\"eael-elements-flip-box-front-container\">\n\n                    \n                        <div class=\"eael-elements-slider-display-table\">\n                            <div class=\"eael-elements-flip-box-vertical-align\">\n                                <div class=\"eael-elements-flip-box-padding\">\n                                    <div class=\"eael-elements-flip-box-icon-image\">\n                                                                                    <i aria-hidden=\"true\" class=\"ea-flipbox-icon hm hm-question\"><\/i>                                                                                    <\/div>\n                                                                        <h2 class=\"eael-elements-flip-box-heading\">\u00bfSab\u00edas qu\u00e9?<\/h2>\n                                                                        <div class=\"eael-elements-flip-box-content\">\n                                        <p>Toca para girar.<\/p>                                    <\/div>\n                                <\/div>\n                            <\/div>\n                        <\/div>\n                                    <\/div>\n\n                <div class=\"eael-elements-flip-box-rear-container\">\n\n                                            <div class=\"eael-elements-slider-display-table\">\n                            <div class=\"eael-elements-flip-box-vertical-align\">\n                                <div class=\"eael-elements-flip-box-padding\">\n                                                                            <div class=\"eael-elements-flip-box-icon-image\">\n                                            <i aria-hidden=\"true\" class=\"ea-flipbox-icon hm hm-disable-person\"><\/i>                                                <\/div>\n                                                                                                            <div class=\"eael-elements-flip-box-content\">\n                                        <p>En septiembre de 2021, en el Estado de Michoac\u00e1n, con apenas 25 a\u00f1os de edad al momento de ocupar su cargo, V\u00edctor Hugo Zurita Ortiz se volvi\u00f3 el primer legislador sordo de nacimiento en la historia de M\u00e9xico. Ya comenzamos a ver docentes, funcionarias y funcionarios, cargos directivos y legisladores con discapacidad.<\/p>                                    <\/div>\n\n                                                                    <\/div>\n                            <\/div>\n                        <\/div>\n                                    <\/div>\n            <\/div>\n        <\/div>\n\n\t\t<\/div>\n\t\t\t\t<\/div>\n\t\t\t\t\t<\/div>\n\t\t\t\t<\/div>\n\t\t<div class=\"elementor-element elementor-element-2976560 e-flex e-con-boxed wpr-particle-no wpr-jarallax-no wpr-parallax-no wpr-sticky-section-no e-con e-parent\" data-id=\"2976560\" data-element_type=\"container\" data-settings=\"{&quot;background_background&quot;:&quot;gradient&quot;,&quot;content_width&quot;:&quot;boxed&quot;}\" data-core-v316-plus=\"true\">\n\t\t\t\t\t<div class=\"e-con-inner\">\n\t\t\t\t<div class=\"elementor-element elementor-element-85b4e99 elementor-widget elementor-widget-heading\" data-id=\"85b4e99\" data-element_type=\"widget\" data-widget_type=\"heading.default\">\n\t\t\t\t<div class=\"elementor-widget-container\">\n\t\t\t<h2 class=\"elementor-heading-title elementor-size-default\">INCLUSI\u00d3N Y PARTICIPACI\u00d3N IND\u00cdGENA <\/h2>\t\t<\/div>\n\t\t\t\t<\/div>\n\t\t\t\t<div class=\"elementor-element elementor-element-2bf547f elementor-widget elementor-widget-eael-adv-accordion\" data-id=\"2bf547f\" data-element_type=\"widget\" data-widget_type=\"eael-adv-accordion.default\">\n\t\t\t\t<div class=\"elementor-widget-container\">\n\t\t\t        <div class=\"eael-adv-accordion\" id=\"eael-adv-accordion-2bf547f\" data-accordion-id=\"2bf547f\" data-accordion-type=\"accordion\" data-toogle-speed=\"300\">\n    <div class=\"eael-accordion-list\">\n                <div id=\"cmo-es-la-participacin-indgena-en-mxico\" class=\"elementor-tab-title eael-accordion-header\" tabindex=\"0\" data-tab=\"1\" aria-controls=\"elementor-tab-content-4601\"><span class=\"eael-advanced-accordion-icon-closed\"><svg aria-hidden=\"true\" class=\"fa-accordion-icon e-font-icon-svg e-fas-plus\" viewBox=\"0 0 448 512\" xmlns=\"http:\/\/www.w3.org\/2000\/svg\"><path d=\"M416 208H272V64c0-17.67-14.33-32-32-32h-32c-17.67 0-32 14.33-32 32v144H32c-17.67 0-32 14.33-32 32v32c0 17.67 14.33 32 32 32h144v144c0 17.67 14.33 32 32 32h32c17.67 0 32-14.33 32-32V304h144c17.67 0 32-14.33 32-32v-32c0-17.67-14.33-32-32-32z\"><\/path><\/svg><\/span><span class=\"eael-advanced-accordion-icon-opened\"><svg aria-hidden=\"true\" class=\"fa-accordion-icon e-font-icon-svg e-fas-minus\" viewBox=\"0 0 448 512\" xmlns=\"http:\/\/www.w3.org\/2000\/svg\"><path d=\"M416 208H32c-17.67 0-32 14.33-32 32v32c0 17.67 14.33 32 32 32h384c17.67 0 32-14.33 32-32v-32c0-17.67-14.33-32-32-32z\"><\/path><\/svg><\/span><span class=\"eael-accordion-tab-title\">\u00bfC\u00f3mo es la participaci\u00f3n ind\u00edgena en M\u00e9xico??<\/span><svg aria-hidden=\"true\" class=\"fa-toggle e-font-icon-svg e-fas-angle-right\" viewBox=\"0 0 256 512\" xmlns=\"http:\/\/www.w3.org\/2000\/svg\"><path d=\"M224.3 273l-136 136c-9.4 9.4-24.6 9.4-33.9 0l-22.6-22.6c-9.4-9.4-9.4-24.6 0-33.9l96.4-96.4-96.4-96.4c-9.4-9.4-9.4-24.6 0-33.9L54.3 103c9.4-9.4 24.6-9.4 33.9 0l136 136c9.5 9.4 9.5 24.6.1 34z\"><\/path><\/svg><\/div><div id=\"elementor-tab-content-4601\" class=\"eael-accordion-content clearfix\" data-tab=\"1\" aria-labelledby=\"cmo-es-la-participacin-indgena-en-mxico\"><p><p>En nuestro pa\u00eds existe un d\u00e9ficit en la inclusi\u00f3n pol\u00edtica de las poblaciones ind\u00edgenas, que es uno de los grupos m\u00e1s marginados, excluidos y discriminados.<\/p><p>\u00a0<\/p><p>Durante muchos a\u00f1os se ha negado la existencia de la diversidad cultural y se ha discriminado por completo a las personas que no comparten las mismas costumbres o lengua. Tambi\u00e9n se ha utilizado formas para marcar esta discriminaci\u00f3n, por ejemplo, la palabra \u201cindio\u201d se utiliza de forma despectiva para estigmatizar comportamientos inapropiados, con un fuerte componente clasista no siempre ni necesariamente racial. El concepto \u201cind\u00edgena\u201d, en cambio, se utiliza de forma neutra para designar a las poblaciones originarias, aunque tambi\u00e9n sigue cargado de connotaciones ambiguas y discriminatorias. (Sonnleitner, 2020)<\/p><p>\u00a0<\/p><p>Desde finales de la d\u00e9cada de los ochenta, en M\u00e9xico las organizaciones y movimientos ind\u00edgenas se han constituido como actores que han cuestionado de manera radical las caracter\u00edsticas que tiene la representaci\u00f3n pol\u00edtica en el pa\u00eds, aspirando a la democratizaci\u00f3n del r\u00e9gimen pol\u00edtico.<\/p><p>\u00a0<\/p><p>En 1990 fue el a\u00f1o en que se formaliz\u00f3 la adscripci\u00f3n de M\u00e9xico al Convenio 169 sobre Pueblos Ind\u00edgenas y Tribales en Pa\u00edses Independientes, adoptado por la Conferencia General de la Organizaci\u00f3n Internacional del Trabajo, que establece entre otras obligaciones el compromiso del gobierno mexicano de \u201casumir la responsabilidad de desarrollar, con la participaci\u00f3n de los pueblos interesados, una acci\u00f3n coordinada y sistem\u00e1tica con miras a proteger los derechos de esos pueblos y a garantizar el respeto de su integridad\u201d (art\u00edculo 2\u00ba del Convenio 169). (Singer, 2021)<\/p><\/p><\/div>\n                <\/div><div class=\"eael-accordion-list\">\n                <div id=\"existen-acuerdos\" class=\"elementor-tab-title eael-accordion-header\" tabindex=\"0\" data-tab=\"2\" aria-controls=\"elementor-tab-content-4602\"><span class=\"eael-advanced-accordion-icon-closed\"><svg aria-hidden=\"true\" class=\"fa-accordion-icon e-font-icon-svg e-fas-plus\" viewBox=\"0 0 448 512\" xmlns=\"http:\/\/www.w3.org\/2000\/svg\"><path d=\"M416 208H272V64c0-17.67-14.33-32-32-32h-32c-17.67 0-32 14.33-32 32v144H32c-17.67 0-32 14.33-32 32v32c0 17.67 14.33 32 32 32h144v144c0 17.67 14.33 32 32 32h32c17.67 0 32-14.33 32-32V304h144c17.67 0 32-14.33 32-32v-32c0-17.67-14.33-32-32-32z\"><\/path><\/svg><\/span><span class=\"eael-advanced-accordion-icon-opened\"><svg aria-hidden=\"true\" class=\"fa-accordion-icon e-font-icon-svg e-fas-minus\" viewBox=\"0 0 448 512\" xmlns=\"http:\/\/www.w3.org\/2000\/svg\"><path d=\"M416 208H32c-17.67 0-32 14.33-32 32v32c0 17.67 14.33 32 32 32h384c17.67 0 32-14.33 32-32v-32c0-17.67-14.33-32-32-32z\"><\/path><\/svg><\/span><span class=\"eael-accordion-tab-title\">\u00bfExisten acuerdos?<\/span><svg aria-hidden=\"true\" class=\"fa-toggle e-font-icon-svg e-fas-angle-right\" viewBox=\"0 0 256 512\" xmlns=\"http:\/\/www.w3.org\/2000\/svg\"><path d=\"M224.3 273l-136 136c-9.4 9.4-24.6 9.4-33.9 0l-22.6-22.6c-9.4-9.4-9.4-24.6 0-33.9l96.4-96.4-96.4-96.4c-9.4-9.4-9.4-24.6 0-33.9L54.3 103c9.4-9.4 24.6-9.4 33.9 0l136 136c9.5 9.4 9.5 24.6.1 34z\"><\/path><\/svg><\/div><div id=\"elementor-tab-content-4602\" class=\"eael-accordion-content clearfix\" data-tab=\"2\" aria-labelledby=\"existen-acuerdos\"><p><p>En noviembre de 2017 el Instituto Nacional Electoral (INE) aprob\u00f3 un acuerdo general para instar a los partidos pol\u00edticos a respetar la paridad de g\u00e9nero y a presentar candidaturas ind\u00edgenas para las diputaciones federales en doce de los 28 distritos uninominales con m\u00e1s de 40 por ciento de poblaci\u00f3n ind\u00edgena (INE, 2017). En diciembre del mismo a\u00f1o, el Tribunal Electoral del Poder Judicial de la Federaci\u00f3n (TEPJF) ratific\u00f3 dicho acuerdo y ampli\u00f3 las candidaturas obligatorias a los trece distritos con m\u00e1s del 60 por ciento de poblaci\u00f3n ind\u00edgena (TEPJF, 2017).<\/p><p>\u00a0<\/p><p>Una de las barreras m\u00e1s presentes y marcadas en la poblaci\u00f3n ind\u00edgena es la educaci\u00f3n, ya que, particularmente la tasa de analfabetismo en 2020 fue del 20.9% de su poblaci\u00f3n total; como referencia, la tasa de analfabetismo para la poblaci\u00f3n no ind\u00edgena fue del 3.6% (INEGI, 2022b).<\/p><p>Los pueblos ind\u00edgenas pueden participar libremente en los asuntos p\u00fablicos en los niveles local, nacional e internacional. Igualmente, y a pesar de la ambig\u00fcedad o falta de consenso en torno al significado y alcance de la noci\u00f3n de pueblo, reconocen su tratamiento normativo como colectividades y no solamente como suma de individuos.<\/p><p>\u00a0<\/p><p><strong>RESUMEN: <\/strong>Los pueblos ind\u00edgenas han recorrido un largo camino para ser considerados e incluidos en la pol\u00edtica, as\u00ed como para que se les hagan valer todos sus derechos que como humanos se merecen m\u00e1s, sin embargo, actualmente a\u00fan existen barreras preocupantes para que su inclusi\u00f3n sea definitiva, igualitaria y sin discriminaci\u00f3n, tanto en la pol\u00edtica como en \u00e1reas econ\u00f3micas y sociales.<\/p><\/p><\/div>\n                <\/div><\/div>\t\t<\/div>\n\t\t\t\t<\/div>\n\t\t\t\t<div class=\"elementor-element elementor-element-49b5dc7 eael-flipbox-content-align-center elementor-widget elementor-widget-eael-flip-box\" data-id=\"49b5dc7\" data-element_type=\"widget\" data-widget_type=\"eael-flip-box.default\">\n\t\t\t\t<div class=\"elementor-widget-container\">\n\t\t\t\n        <div class=\"eael-elements-flip-box-container eael-animate-flip eael-animate-left eael-content\">\n\n            <div class=\"eael-elements-flip-box-flip-card\">\n                <div class=\"eael-elements-flip-box-front-container\">\n\n                    \n                        <div class=\"eael-elements-slider-display-table\">\n                            <div class=\"eael-elements-flip-box-vertical-align\">\n                                <div class=\"eael-elements-flip-box-padding\">\n                                    <div class=\"eael-elements-flip-box-icon-image\">\n                                                                                    <i aria-hidden=\"true\" class=\"ea-flipbox-icon hm hm-question\"><\/i>                                                                                    <\/div>\n                                                                        <h2 class=\"eael-elements-flip-box-heading\">\u00bfSab\u00edas qu\u00e9?<\/h2>\n                                                                        <div class=\"eael-elements-flip-box-content\">\n                                        <p>Toca para girar.<\/p>                                    <\/div>\n                                <\/div>\n                            <\/div>\n                        <\/div>\n                                    <\/div>\n\n                <div class=\"eael-elements-flip-box-rear-container\">\n\n                                            <div class=\"eael-elements-slider-display-table\">\n                            <div class=\"eael-elements-flip-box-vertical-align\">\n                                <div class=\"eael-elements-flip-box-padding\">\n                                                                            <div class=\"eael-elements-flip-box-icon-image\">\n                                            <i aria-hidden=\"true\" class=\"ea-flipbox-icon hm hm-avatar-woman\"><\/i>                                                <\/div>\n                                                                                                            <div class=\"eael-elements-flip-box-content\">\n                                        <p>El Pleno de la Sala Superior del Tribunal Electoral del Poder Judicial de la Federaci\u00f3n (TEPJF) determin\u00f3 por mayor\u00eda de votos que las personas que se encuentran en prisi\u00f3n y no han sido sentenciadas tienen derecho a votar ya que se encuentran amparadas por el principio de presunci\u00f3n de inocencia. (Sala Superior, 2019)<\/p>                                    <\/div>\n\n                                                                    <\/div>\n                            <\/div>\n                        <\/div>\n                                    <\/div>\n            <\/div>\n        <\/div>\n\n\t\t<\/div>\n\t\t\t\t<\/div>\n\t\t\t\t\t<\/div>\n\t\t\t\t<\/div>\n\t\t<div class=\"elementor-element elementor-element-942cd28 e-flex e-con-boxed wpr-particle-no wpr-jarallax-no wpr-parallax-no wpr-sticky-section-no e-con e-parent\" data-id=\"942cd28\" data-element_type=\"container\" data-settings=\"{&quot;background_background&quot;:&quot;gradient&quot;,&quot;content_width&quot;:&quot;boxed&quot;}\" data-core-v316-plus=\"true\">\n\t\t\t\t\t<div class=\"e-con-inner\">\n\t\t\t\t<div class=\"elementor-element elementor-element-8769661 elementor-widget elementor-widget-heading\" data-id=\"8769661\" data-element_type=\"widget\" data-widget_type=\"heading.default\">\n\t\t\t\t<div class=\"elementor-widget-container\">\n\t\t\t<h2 class=\"elementor-heading-title elementor-size-default\">INCLUSI\u00d3N DE LA COMUNIDAD LGBTTTI+<\/h2>\t\t<\/div>\n\t\t\t\t<\/div>\n\t\t\t\t<div class=\"elementor-element elementor-element-74a356c elementor-widget elementor-widget-eael-adv-accordion\" data-id=\"74a356c\" data-element_type=\"widget\" data-widget_type=\"eael-adv-accordion.default\">\n\t\t\t\t<div class=\"elementor-widget-container\">\n\t\t\t        <div class=\"eael-adv-accordion\" id=\"eael-adv-accordion-74a356c\" data-accordion-id=\"74a356c\" data-accordion-type=\"accordion\" data-toogle-speed=\"300\">\n    <div class=\"eael-accordion-list\">\n                <div id=\"cmo-es-la-situacin-de-la-comunidad-lgbttti\" class=\"elementor-tab-title eael-accordion-header\" tabindex=\"0\" data-tab=\"1\" aria-controls=\"elementor-tab-content-1221\"><span class=\"eael-advanced-accordion-icon-closed\"><svg aria-hidden=\"true\" class=\"fa-accordion-icon e-font-icon-svg e-fas-plus\" viewBox=\"0 0 448 512\" xmlns=\"http:\/\/www.w3.org\/2000\/svg\"><path d=\"M416 208H272V64c0-17.67-14.33-32-32-32h-32c-17.67 0-32 14.33-32 32v144H32c-17.67 0-32 14.33-32 32v32c0 17.67 14.33 32 32 32h144v144c0 17.67 14.33 32 32 32h32c17.67 0 32-14.33 32-32V304h144c17.67 0 32-14.33 32-32v-32c0-17.67-14.33-32-32-32z\"><\/path><\/svg><\/span><span class=\"eael-advanced-accordion-icon-opened\"><svg aria-hidden=\"true\" class=\"fa-accordion-icon e-font-icon-svg e-fas-minus\" viewBox=\"0 0 448 512\" xmlns=\"http:\/\/www.w3.org\/2000\/svg\"><path d=\"M416 208H32c-17.67 0-32 14.33-32 32v32c0 17.67 14.33 32 32 32h384c17.67 0 32-14.33 32-32v-32c0-17.67-14.33-32-32-32z\"><\/path><\/svg><\/span><span class=\"eael-accordion-tab-title\">\u00bfC\u00f3mo es la situaci\u00f3n de la comunidad LGBTTTI+?<\/span><svg aria-hidden=\"true\" class=\"fa-toggle e-font-icon-svg e-fas-angle-right\" viewBox=\"0 0 256 512\" xmlns=\"http:\/\/www.w3.org\/2000\/svg\"><path d=\"M224.3 273l-136 136c-9.4 9.4-24.6 9.4-33.9 0l-22.6-22.6c-9.4-9.4-9.4-24.6 0-33.9l96.4-96.4-96.4-96.4c-9.4-9.4-9.4-24.6 0-33.9L54.3 103c9.4-9.4 24.6-9.4 33.9 0l136 136c9.5 9.4 9.5 24.6.1 34z\"><\/path><\/svg><\/div><div id=\"elementor-tab-content-1221\" class=\"eael-accordion-content clearfix\" data-tab=\"1\" aria-labelledby=\"cmo-es-la-situacin-de-la-comunidad-lgbttti\"><p><p>La comunidad LBTTTI+ es una de las cuales viven discriminaciones alarmantes; de acuerdo con la Organizaci\u00f3n de las Naciones Unidas (ONU, 2019), los derechos humanos son las garant\u00edas jur\u00eddicas universales que protegen a los individuos y grupos contra acciones que interfieran sus libertades fundamentales y en la dignidad humana. De igual forma, para tener una mejor comprensi\u00f3n del tema de la diversidad sexual, es preciso tener en cuenta lo siguiente:<\/p><p>\u00a0<\/p><ul><li>Identidad de g\u00e9nero: vivencia interna e individual del g\u00e9nero tal como cada persona la siente profundamente, la cual podr\u00eda corresponder o no con el sexo del nacimiento, incluyendo la vivencia personal del cuerpo (que podr\u00eda involucrar la modificaci\u00f3n de la apariencia o la funci\u00f3n corporal a trav\u00e9s de medios m\u00e9dicos, quir\u00fargicos o de otra \u00edndole, siempre que la misma sea libremente escogida) y otras expresiones de g\u00e9nero, incluyendo la vestimenta, el modo de hablar y los modales.<\/li><li>Orientaci\u00f3n sexual: capacidad de cada persona de sentir una profunda atracci\u00f3n emocional, afectiva y sexual por personas de un g\u00e9nero diferente al suyo, o de su mismo g\u00e9nero, o de m\u00e1s de un g\u00e9nero, as\u00ed como a la capacidad de mantener relaciones \u00edntimas y sexuales con estas personas.<\/li><\/ul><\/p><\/div>\n                <\/div><div class=\"eael-accordion-list\">\n                <div id=\"como-se-definen-sus-siglas\" class=\"elementor-tab-title eael-accordion-header\" tabindex=\"0\" data-tab=\"2\" aria-controls=\"elementor-tab-content-1222\"><span class=\"eael-advanced-accordion-icon-closed\"><svg aria-hidden=\"true\" class=\"fa-accordion-icon e-font-icon-svg e-fas-plus\" viewBox=\"0 0 448 512\" xmlns=\"http:\/\/www.w3.org\/2000\/svg\"><path d=\"M416 208H272V64c0-17.67-14.33-32-32-32h-32c-17.67 0-32 14.33-32 32v144H32c-17.67 0-32 14.33-32 32v32c0 17.67 14.33 32 32 32h144v144c0 17.67 14.33 32 32 32h32c17.67 0 32-14.33 32-32V304h144c17.67 0 32-14.33 32-32v-32c0-17.67-14.33-32-32-32z\"><\/path><\/svg><\/span><span class=\"eael-advanced-accordion-icon-opened\"><svg aria-hidden=\"true\" class=\"fa-accordion-icon e-font-icon-svg e-fas-minus\" viewBox=\"0 0 448 512\" xmlns=\"http:\/\/www.w3.org\/2000\/svg\"><path d=\"M416 208H32c-17.67 0-32 14.33-32 32v32c0 17.67 14.33 32 32 32h384c17.67 0 32-14.33 32-32v-32c0-17.67-14.33-32-32-32z\"><\/path><\/svg><\/span><span class=\"eael-accordion-tab-title\">\u00bfComo se definen sus siglas?<\/span><svg aria-hidden=\"true\" class=\"fa-toggle e-font-icon-svg e-fas-angle-right\" viewBox=\"0 0 256 512\" xmlns=\"http:\/\/www.w3.org\/2000\/svg\"><path d=\"M224.3 273l-136 136c-9.4 9.4-24.6 9.4-33.9 0l-22.6-22.6c-9.4-9.4-9.4-24.6 0-33.9l96.4-96.4-96.4-96.4c-9.4-9.4-9.4-24.6 0-33.9L54.3 103c9.4-9.4 24.6-9.4 33.9 0l136 136c9.5 9.4 9.5 24.6.1 34z\"><\/path><\/svg><\/div><div id=\"elementor-tab-content-1222\" class=\"eael-accordion-content clearfix\" data-tab=\"2\" aria-labelledby=\"como-se-definen-sus-siglas\"><p><ul><li><em>Lesbiana:<\/em> Se refiere a la mujer que siente una profunda atracci\u00f3n emocional, afectiva, rom\u00e1ntica y sexual por otras mujeres.<\/li><li><em>Gay:<\/em> Hombre que se siente atra\u00eddo er\u00f3tico y\/o afectivamente por hombres.<\/li><li><em>Bisexual:<\/em> Hace referencia a la atracci\u00f3n, pr\u00e1cticas sexuales y v\u00ednculos emocionales y afectivos que una persona establece con personas de ambos sexos.<\/li><li><em>Transexual:<\/em> Son las personas que se han sometido a una reasignaci\u00f3n gen\u00e9rica completa para concordar f\u00edsicamente con el g\u00e9nero con el cual se identifican, mediante una intervenci\u00f3n quir\u00fargica de sus \u00f3rganos genitales, terapia psicol\u00f3gica y tratamiento hormonal debidamente realizado, respaldado y vigilado por especialistas m\u00e9dicos.<\/li><li><em>Transg\u00e9nero:<\/em> Son aquellas personas cuya identidad o expresi\u00f3n de g\u00e9nero incluye uno, varios o todos los elementos que caracterizan al g\u00e9nero biol\u00f3gico diferente al propio.<\/li><li><em>Travesti:<\/em> Son aquellas personas que, sin tener necesariamente una orientaci\u00f3n o preferencia sexual distinta a la heterosexual, utilizan ropa, accesorios y lenguajes corporales distintos a los de su propio sexo.<\/li><li><em>Intersexualidad:<\/em> Personas que nacen con caracter\u00edsticas biol\u00f3gicas de ambos sexos, en mayor o menor grado, hecho que no determina su orientaci\u00f3n o preferencia sexual, pero que con el desarrollo de su sexualidad s\u00ed se inclinar\u00e1 hacia una identidad o expresi\u00f3n de g\u00e9nero determinada<\/li><\/ul><\/p><\/div>\n                <\/div><div class=\"eael-accordion-list\">\n                <div id=\"antecedentes\" class=\"elementor-tab-title eael-accordion-header\" tabindex=\"0\" data-tab=\"3\" aria-controls=\"elementor-tab-content-1223\"><span class=\"eael-advanced-accordion-icon-closed\"><svg aria-hidden=\"true\" class=\"fa-accordion-icon e-font-icon-svg e-fas-plus\" viewBox=\"0 0 448 512\" xmlns=\"http:\/\/www.w3.org\/2000\/svg\"><path d=\"M416 208H272V64c0-17.67-14.33-32-32-32h-32c-17.67 0-32 14.33-32 32v144H32c-17.67 0-32 14.33-32 32v32c0 17.67 14.33 32 32 32h144v144c0 17.67 14.33 32 32 32h32c17.67 0 32-14.33 32-32V304h144c17.67 0 32-14.33 32-32v-32c0-17.67-14.33-32-32-32z\"><\/path><\/svg><\/span><span class=\"eael-advanced-accordion-icon-opened\"><svg aria-hidden=\"true\" class=\"fa-accordion-icon e-font-icon-svg e-fas-minus\" viewBox=\"0 0 448 512\" xmlns=\"http:\/\/www.w3.org\/2000\/svg\"><path d=\"M416 208H32c-17.67 0-32 14.33-32 32v32c0 17.67 14.33 32 32 32h384c17.67 0 32-14.33 32-32v-32c0-17.67-14.33-32-32-32z\"><\/path><\/svg><\/span><span class=\"eael-accordion-tab-title\">Antecedentes<\/span><svg aria-hidden=\"true\" class=\"fa-toggle e-font-icon-svg e-fas-angle-right\" viewBox=\"0 0 256 512\" xmlns=\"http:\/\/www.w3.org\/2000\/svg\"><path d=\"M224.3 273l-136 136c-9.4 9.4-24.6 9.4-33.9 0l-22.6-22.6c-9.4-9.4-9.4-24.6 0-33.9l96.4-96.4-96.4-96.4c-9.4-9.4-9.4-24.6 0-33.9L54.3 103c9.4-9.4 24.6-9.4 33.9 0l136 136c9.5 9.4 9.5 24.6.1 34z\"><\/path><\/svg><\/div><div id=\"elementor-tab-content-1223\" class=\"eael-accordion-content clearfix\" data-tab=\"3\" aria-labelledby=\"antecedentes\"><p><p>En 1971 se cre\u00f3 la primera asociaci\u00f3n a favor de los derechos de las personas LGBTTTI+, el cual llev\u00f3 por nombre Frente de Liberaci\u00f3n Homosexual de M\u00e9xico (FLH).<\/p><p>\u00a0<\/p><p>Algunas de las primeras organizaciones civiles de personas LGBTTTI+ que surgieron en M\u00e9xico y en las cuales se germin\u00f3 el movimiento de liberaci\u00f3n homosexual son SEXPOL, un grupo creado por el activista Antonio Cu\u00e9 en 1975 y dedicado a los estudios en torno a la sexualidad y la pol\u00edtica; para 1978 surge el Frente Homosexual de Acci\u00f3n Revolucionaria (FHAR), el cual basaba su trabajo en la disidencia y su apartidismo pol\u00edtico y que ten\u00eda entre sus filas a activistas como Juan Jacobo Hern\u00e1ndez.<\/p><p>\u00a0<\/p><p>Algunos grupos conformados por mujeres lesbianas fueron \u00c1kratas (1975), Lesbos (1977) y Oikabeth (1978), considerada la primera organizaci\u00f3n p\u00fablica de mujeres l\u00e9sbianas. Los dos \u00faltimos grupos fueron formados por la activista lesbofeminista Yan Mar\u00eda Yaoy\u00f3lotl Castro.<\/p><p>\u00a0<\/p><p>Finalmente, el Grupo Lambda de Liberaci\u00f3n Homosexual, el cual ten\u00eda una posici\u00f3n feminista, naci\u00f3 en 1978 y fue fundado por la escritora Claudia Hinojosa.<\/p><p>\u00a0<\/p><p>Cada una de estas agrupaciones mantuvieron discusiones sobre el contexto pol\u00edtico en el pa\u00eds y fraguaron estrategias para su labor militante que ten\u00eda por meta visibilizar y desestigmatizar a las personas homosexuales; asimismo, adem\u00e1s de estos objetivos, las agrupaciones de mujeres lesbianas ten\u00edan en su agenda la liberaci\u00f3n de la mujer y la lucha contra el patriarcado. (Secretar\u00eda de Cultura, 2019)<\/p><p>\u00a0<\/p><p>Fue hasta 1979 que se realiz\u00f3 la primera marcha del Orgullo Homosexual en la Ciudad de M\u00e9xico.<\/p><p>\u00a0<\/p><p>Es importante destacar que el Consejo de Derechos Humanos de las Naciones Unidas (OACNUDH, 2012:12) se\u00f1al\u00f3 cinco obligaciones b\u00e1sicas legales de los Estados para la protecci\u00f3n de los derechos humanos de las personas LGBTI: proteger a las personas contra la violencia homof\u00f3bica y transf\u00f3bica; prevenir la tortura as\u00ed como tratos crueles, inhumanos y degradantes prohibiendo y sancionando tales actos y garantizando que las v\u00edctimas reciban una reparaci\u00f3n; derogar inmediatamente leyes que penalicen la homosexualidad; prohibir la discriminaci\u00f3n por motivos de orientaci\u00f3n sexual e identidad de g\u00e9nero; y preservar la libertad de reuni\u00f3n, expresi\u00f3n y asociaci\u00f3n pac\u00edfica.<\/p><p>\u00a0<\/p><p>La Encuesta Nacional sobre Discriminaci\u00f3n ENADIS 2017 de INEGI, encontr\u00f3 que 3.2% de la poblaci\u00f3n mexicana mayor de 18 a\u00f1os se identific\u00f3 como no heterosexual y 96.8% como heterosexual; es as\u00ed que identificando las condiciones de vulnerabilidad que enfrenta este grupo, se vuelve necesario el esfuerzo por parte del Estado para generar pol\u00edticas eficaces para su protecci\u00f3n, as\u00ed como para la obligaci\u00f3n de investigar y sancionar los delitos de violencia por perjuicio.<\/p><\/p><\/div>\n                <\/div><div class=\"eael-accordion-list\">\n                <div id=\"actualidad\" class=\"elementor-tab-title eael-accordion-header\" tabindex=\"0\" data-tab=\"4\" aria-controls=\"elementor-tab-content-1224\"><span class=\"eael-advanced-accordion-icon-closed\"><svg aria-hidden=\"true\" class=\"fa-accordion-icon e-font-icon-svg e-fas-plus\" viewBox=\"0 0 448 512\" xmlns=\"http:\/\/www.w3.org\/2000\/svg\"><path d=\"M416 208H272V64c0-17.67-14.33-32-32-32h-32c-17.67 0-32 14.33-32 32v144H32c-17.67 0-32 14.33-32 32v32c0 17.67 14.33 32 32 32h144v144c0 17.67 14.33 32 32 32h32c17.67 0 32-14.33 32-32V304h144c17.67 0 32-14.33 32-32v-32c0-17.67-14.33-32-32-32z\"><\/path><\/svg><\/span><span class=\"eael-advanced-accordion-icon-opened\"><svg aria-hidden=\"true\" class=\"fa-accordion-icon e-font-icon-svg e-fas-minus\" viewBox=\"0 0 448 512\" xmlns=\"http:\/\/www.w3.org\/2000\/svg\"><path d=\"M416 208H32c-17.67 0-32 14.33-32 32v32c0 17.67 14.33 32 32 32h384c17.67 0 32-14.33 32-32v-32c0-17.67-14.33-32-32-32z\"><\/path><\/svg><\/span><span class=\"eael-accordion-tab-title\">Actualidad<\/span><svg aria-hidden=\"true\" class=\"fa-toggle e-font-icon-svg e-fas-angle-right\" viewBox=\"0 0 256 512\" xmlns=\"http:\/\/www.w3.org\/2000\/svg\"><path d=\"M224.3 273l-136 136c-9.4 9.4-24.6 9.4-33.9 0l-22.6-22.6c-9.4-9.4-9.4-24.6 0-33.9l96.4-96.4-96.4-96.4c-9.4-9.4-9.4-24.6 0-33.9L54.3 103c9.4-9.4 24.6-9.4 33.9 0l136 136c9.5 9.4 9.5 24.6.1 34z\"><\/path><\/svg><\/div><div id=\"elementor-tab-content-1224\" class=\"eael-accordion-content clearfix\" data-tab=\"4\" aria-labelledby=\"actualidad\"><p><p>Actualmente se identifican tres adecuaciones urgentes en la legislaci\u00f3n mexicana para proteger la dignidad y derechos de las personas LGBTTTI+. En primera instancia, se requiere la tipificaci\u00f3n de cr\u00edmenes de odio en los c\u00f3digos penales estatales para generar estad\u00edsticas de delitos basados en discriminaci\u00f3n ya que, solamente 12 estados contemplan en su C\u00f3digo Penal violencia por prejuicio a personas LGBTTTI+, o equivalente. Segundo, dar paso a legislar para facilitar el matrimonio entre personas del mismo sexo, actualmente pueden contraer matrimonio en 14 estados sin recurrir a procedimientos legales. En el caso de los estados donde no es permitido se debe promover un juicio de amparo ante tribunales federales para la revisi\u00f3n del caso.<\/p><p>\u00a0<\/p><p>Tercero, facilitar el cambio de identidad de g\u00e9nero de las personas trans, es decir, incluir en el C\u00f3digo Civil de las entidades federativas la posibilidad de que las personas trans gocen del derecho a una identidad jur\u00eddica o nombre de acuerdo a su condici\u00f3n sexogen\u00e9rica (Arizmendi, 2019)<\/p><\/p><\/div>\n                <\/div><\/div>\t\t<\/div>\n\t\t\t\t<\/div>\n\t\t\t\t<div class=\"elementor-element elementor-element-9f43d11 eael-flipbox-content-align-center elementor-widget elementor-widget-eael-flip-box\" data-id=\"9f43d11\" data-element_type=\"widget\" data-widget_type=\"eael-flip-box.default\">\n\t\t\t\t<div class=\"elementor-widget-container\">\n\t\t\t\n        <div class=\"eael-elements-flip-box-container eael-animate-flip eael-animate-left eael-content\">\n\n            <div class=\"eael-elements-flip-box-flip-card\">\n                <div class=\"eael-elements-flip-box-front-container\">\n\n                    \n                        <div class=\"eael-elements-slider-display-table\">\n                            <div class=\"eael-elements-flip-box-vertical-align\">\n                                <div class=\"eael-elements-flip-box-padding\">\n                                    <div class=\"eael-elements-flip-box-icon-image\">\n                                                                                    <i aria-hidden=\"true\" class=\"ea-flipbox-icon hm hm-question\"><\/i>                                                                                    <\/div>\n                                                                        <h2 class=\"eael-elements-flip-box-heading\">\u00bfSab\u00edas qu\u00e9?<\/h2>\n                                                                        <div class=\"eael-elements-flip-box-content\">\n                                        <p>Toca para girar.<\/p>                                    <\/div>\n                                <\/div>\n                            <\/div>\n                        <\/div>\n                                    <\/div>\n\n                <div class=\"eael-elements-flip-box-rear-container\">\n\n                                            <div class=\"eael-elements-slider-display-table\">\n                            <div class=\"eael-elements-flip-box-vertical-align\">\n                                <div class=\"eael-elements-flip-box-padding\">\n                                                                            <div class=\"eael-elements-flip-box-icon-image\">\n                                            <svg aria-hidden=\"true\" class=\"ea-flipbox-icon e-font-icon-svg e-fas-info\" viewBox=\"0 0 192 512\" xmlns=\"http:\/\/www.w3.org\/2000\/svg\"><path d=\"M20 424.229h20V279.771H20c-11.046 0-20-8.954-20-20V212c0-11.046 8.954-20 20-20h112c11.046 0 20 8.954 20 20v212.229h20c11.046 0 20 8.954 20 20V492c0 11.046-8.954 20-20 20H20c-11.046 0-20-8.954-20-20v-47.771c0-11.046 8.954-20 20-20zM96 0C56.235 0 24 32.235 24 72s32.235 72 72 72 72-32.235 72-72S135.764 0 96 0z\"><\/path><\/svg>                                                <\/div>\n                                                                                                            <div class=\"eael-elements-flip-box-content\">\n                                        <p>La legisladora Mar\u00eda Clemente Garc\u00eda, son las primeras diputadas transg\u00e9nero en tener un puesto en San L\u00e1zaro, algo sin precedentes en la pol\u00edtica del pa\u00eds en cuanto a la ocupaci\u00f3n de puestos p\u00fablicos.<\/p>                                    <\/div>\n\n                                                                    <\/div>\n                            <\/div>\n                        <\/div>\n                                    <\/div>\n            <\/div>\n        <\/div>\n\n\t\t<\/div>\n\t\t\t\t<\/div>\n\t\t\t\t<div class=\"elementor-element elementor-element-88d2d67 elementor-widget elementor-widget-premium-addon-modal-box\" data-id=\"88d2d67\" data-element_type=\"widget\" data-settings=\"{&quot;premium_modal_box_animation&quot;:&quot;fadeInDown&quot;}\" data-widget_type=\"premium-addon-modal-box.default\">\n\t\t\t\t<div class=\"elementor-widget-container\">\n\t\t\t\r\n\t\t<div class=\"premium-modal-box-container\" data-settings=\"{&quot;trigger&quot;:&quot;button&quot;}\">\r\n\t\t\t<div class=\"premium-modal-trigger-container\">\r\n\t\t\t\t\t\t\t\t\t<button data-toggle=\"premium-modal\" data-target=\"#premium-modal-88d2d67\" type=\"button\" class=\"premium-modal-trigger-btn premium-btn-lg\">\r\n\t\t\t\t\t\t\t\t\t\t\t\t<span>Leer m\u00e1s<\/span>\r\n\t\t\t\t\t\t\t\t\t\t\t<\/button>\r\n\t\t\t\t\t\t\t<\/div>\r\n\r\n\t\t\t<div id=\"premium-modal-88d2d67\" class=\"premium-modal-box-modal\" role=\"dialog\" style=\"display: none\">\r\n\t\t\t\t<div class=\"premium-modal-box-modal-dialog\" data-delay-animation=\"\" data-modal-animation=\"fadeInDown animated-fast\">\r\n\t\t\t\t\t\t\t\t\t\t\t<div class=\"premium-modal-box-modal-header\">\r\n\t\t\t\t\t\t\t\t\t\t\t\t\t\t\t\t\t\t\t\t\t\t<div class=\"premium-modal-box-close-button-container\">\r\n\t\t\t\t\t\t\t\t\t<button type=\"button\" class=\"premium-modal-box-modal-close\" data-dismiss=\"premium-modal\">&times;<\/button>\r\n\t\t\t\t\t\t\t\t<\/div>\r\n\t\t\t\t\t\t\t\t\t\t\t\t\t<\/div>\r\n\t\t\t\t\t\t\t\t\t\t<div class=\"premium-modal-box-modal-body\">\r\n\t\t\t\t\t\t<p>\t\t<div data-elementor-type=\"wp-post\" data-elementor-id=\"1478\" class=\"elementor elementor-1478\">\n\t\t\t\t\t\t\t<div class=\"elementor-element elementor-element-799f724 e-flex e-con-boxed wpr-particle-no wpr-jarallax-no wpr-parallax-no wpr-sticky-section-no e-con e-parent\" data-id=\"799f724\" data-element_type=\"container\" data-settings=\"{&quot;content_width&quot;:&quot;boxed&quot;}\" data-core-v316-plus=\"true\">\n\t\t\t\t\t<div class=\"e-con-inner\">\n\t\t\t\t<div class=\"elementor-element elementor-element-33180de elementor-widget elementor-widget-heading\" data-id=\"33180de\" data-element_type=\"widget\" data-widget_type=\"heading.default\">\n\t\t\t\t<div class=\"elementor-widget-container\">\n\t\t\t<h2 class=\"elementor-heading-title elementor-size-default\">\u00bfSab\u00edas qu\u00e9?<\/h2>\t\t<\/div>\n\t\t\t\t<\/div>\n\t\t\t\t<div class=\"elementor-element elementor-element-759d095 elementor-widget elementor-widget-text-editor\" data-id=\"759d095\" data-element_type=\"widget\" data-widget_type=\"text-editor.default\">\n\t\t\t\t<div class=\"elementor-widget-container\">\n\t\t\t\t\t\t\t<p>El INE aprob\u00f3 el 22 de diciembre del 2017, el Protocolo Trans, el cual permite adoptar medidas para garantizar el ejercicio del voto en igualdad de condiciones y sin discriminaci\u00f3n a las personas trans durante las elecciones (federales, estatales y municipales) y mecanismos de participaci\u00f3n ciudadana. El Protocolo, entre otras cosas, menciona que: \u201cNing\u00fan presidente o presidenta de casilla negar\u00e1 el derecho al voto de una persona trans cuya expresi\u00f3n de g\u00e9nero no coincida con los datos de su credencial (nombre, sexo o su foto)\u201d (INE, 2017a).<\/p><p>Mientras que, en la Constituci\u00f3n Pol\u00edtica de los Estados Unidos Mexicanos, dispone en su art\u00edculo 35 cu\u00e1les son los Derechos Pol\u00edtico-Electorales de las y los ciudadanos:<\/p><ol><li>Votar en las elecciones populares;<\/li><li>Poder ser votadas\/os para todos los cargos de elecci\u00f3n popular, y<\/li><\/ol><p>III. Asociarse individual y libremente para tomar parte en forma pac\u00edfica en los asuntos pol\u00edticos del pa\u00eds.<\/p><p>En M\u00e9xico, la Comisi\u00f3n Nacional de los Derechos Humanos (CNDH) realiz\u00f3 un llamado a los congresos locales de las distintas entidades federativas del pa\u00eds a garantizar la identidad de g\u00e9nero de estas poblaciones y, sobre todo, crear o fortalecer pol\u00edticas p\u00fablicas que les garanticen el acceso a empleos bien remunerados, a la salud, a la educaci\u00f3n sin discriminaci\u00f3n y a la vivienda digna, entre otros derechos, que les permitan vivir sin violencia ni vulnerabilidad que les han afectado de manera hist\u00f3rica.<\/p><p>Asimismo, la Suprema Corte de Justicia de la Naci\u00f3n emiti\u00f3 la Sentencia del Reconocimiento de la Identidad de G\u00e9nero de Personas Trans en Documentos Oficiales, con fecha 17 de octubre de 2018. Los temas de esta sentencia fueron: Derecho al libre desarrollo de la personalidad, derecho a la identidad personal, derecho a la vida privada, derecho a la intimidad, adecuaci\u00f3n de documentos, acta de nacimiento, reasignaci\u00f3n sexo gen\u00e9rica, reconocimiento de identidad, personas trans (SCJN, 2018).<\/p>\t\t\t\t\t\t<\/div>\n\t\t\t\t<\/div>\n\t\t\t\t\t<\/div>\n\t\t\t\t<\/div>\n\t\t\t\t\t\t\t<\/div>\n\t\t<\/p>\t\t\t\t\t<\/div>\r\n\t\t\t\t\t\t\t\t\t\t\t<div class=\"premium-modal-box-modal-footer\">\r\n\t\t\t\t\t\t\t<button type=\"button\" class=\"premium-modal-box-modal-lower-close\" data-dismiss=\"premium-modal\">\r\n\t\t\t\t\t\t\t\tCerrar\t\t\t\t\t\t\t<\/button>\r\n\t\t\t\t\t\t<\/div>\r\n\t\t\t\t\t\t\t\t\t<\/div>\r\n\t\t\t<\/div>\r\n\t\t<\/div>\r\n\r\n\t\t\t\t<\/div>\n\t\t\t\t<\/div>\n\t\t\t\t<div class=\"elementor-element elementor-element-bd82372 eael-flipbox-content-align-center elementor-widget elementor-widget-eael-flip-box\" data-id=\"bd82372\" data-element_type=\"widget\" data-widget_type=\"eael-flip-box.default\">\n\t\t\t\t<div class=\"elementor-widget-container\">\n\t\t\t\n        <div class=\"eael-elements-flip-box-container eael-animate-flip eael-animate-left eael-content\">\n\n            <div class=\"eael-elements-flip-box-flip-card\">\n                <div class=\"eael-elements-flip-box-front-container\">\n\n                    \n                        <div class=\"eael-elements-slider-display-table\">\n                            <div class=\"eael-elements-flip-box-vertical-align\">\n                                <div class=\"eael-elements-flip-box-padding\">\n                                    <div class=\"eael-elements-flip-box-icon-image\">\n                                                                                    <i aria-hidden=\"true\" class=\"ea-flipbox-icon hm hm-question\"><\/i>                                                                                    <\/div>\n                                                                        <h2 class=\"eael-elements-flip-box-heading\">\u00bfSab\u00edas qu\u00e9?<\/h2>\n                                                                        <div class=\"eael-elements-flip-box-content\">\n                                        <p>Toca para girar.<\/p>                                    <\/div>\n                                <\/div>\n                            <\/div>\n                        <\/div>\n                                    <\/div>\n\n                <div class=\"eael-elements-flip-box-rear-container\">\n\n                                            <div class=\"eael-elements-slider-display-table\">\n                            <div class=\"eael-elements-flip-box-vertical-align\">\n                                <div class=\"eael-elements-flip-box-padding\">\n                                                                            <div class=\"eael-elements-flip-box-icon-image\">\n                                            <svg aria-hidden=\"true\" class=\"ea-flipbox-icon e-font-icon-svg e-fas-info\" viewBox=\"0 0 192 512\" xmlns=\"http:\/\/www.w3.org\/2000\/svg\"><path d=\"M20 424.229h20V279.771H20c-11.046 0-20-8.954-20-20V212c0-11.046 8.954-20 20-20h112c11.046 0 20 8.954 20 20v212.229h20c11.046 0 20 8.954 20 20V492c0 11.046-8.954 20-20 20H20c-11.046 0-20-8.954-20-20v-47.771c0-11.046 8.954-20 20-20zM96 0C56.235 0 24 32.235 24 72s32.235 72 72 72 72-32.235 72-72S135.764 0 96 0z\"><\/path><\/svg>                                                <\/div>\n                                                                                                            <div class=\"eael-elements-flip-box-content\">\n                                        <p>En el 2003, se registr\u00f3 como diputada federal, por un distrito de Oaxaca, la primera candidata transexual en la historia de M\u00e9xico se trata de la ind\u00edgena Muxhe Amaranta G\u00f3mez Regalado, originaria de Juchit\u00e1n de Zaragoza, Oaxaca, M\u00e9xico y Diana Laura Marroqu\u00edn Bayardo, quien anteriormente se llamaba Juan Jos\u00e9 Marroqu\u00edn Bayardo, compiti\u00f3 por la diputaci\u00f3n federal del distrito 04 del Estado de Hidalgo, en el proceso 2012.<\/p>                                    <\/div>\n\n                                                                    <\/div>\n                            <\/div>\n                        <\/div>\n                                    <\/div>\n            <\/div>\n        <\/div>\n\n\t\t<\/div>\n\t\t\t\t<\/div>\n\t\t\t\t<div class=\"elementor-element elementor-element-562a2e8 elementor-widget elementor-widget-premium-addon-modal-box\" data-id=\"562a2e8\" data-element_type=\"widget\" data-settings=\"{&quot;premium_modal_box_animation&quot;:&quot;fadeInDown&quot;}\" data-widget_type=\"premium-addon-modal-box.default\">\n\t\t\t\t<div class=\"elementor-widget-container\">\n\t\t\t\r\n\t\t<div class=\"premium-modal-box-container\" data-settings=\"{&quot;trigger&quot;:&quot;button&quot;}\">\r\n\t\t\t<div class=\"premium-modal-trigger-container\">\r\n\t\t\t\t\t\t\t\t\t<button data-toggle=\"premium-modal\" data-target=\"#premium-modal-562a2e8\" type=\"button\" class=\"premium-modal-trigger-btn premium-btn-lg\">\r\n\t\t\t\t\t\t\t\t\t\t\t\t<span>Leer m\u00e1s<\/span>\r\n\t\t\t\t\t\t\t\t\t\t\t<\/button>\r\n\t\t\t\t\t\t\t<\/div>\r\n\r\n\t\t\t<div id=\"premium-modal-562a2e8\" class=\"premium-modal-box-modal\" role=\"dialog\" style=\"display: none\">\r\n\t\t\t\t<div class=\"premium-modal-box-modal-dialog\" data-delay-animation=\"\" data-modal-animation=\"fadeInDown animated-fast\">\r\n\t\t\t\t\t\t\t\t\t\t\t<div class=\"premium-modal-box-modal-header\">\r\n\t\t\t\t\t\t\t\t\t\t\t\t\t\t\t\t\t\t\t\t\t\t<div class=\"premium-modal-box-close-button-container\">\r\n\t\t\t\t\t\t\t\t\t<button type=\"button\" class=\"premium-modal-box-modal-close\" data-dismiss=\"premium-modal\">&times;<\/button>\r\n\t\t\t\t\t\t\t\t<\/div>\r\n\t\t\t\t\t\t\t\t\t\t\t\t\t<\/div>\r\n\t\t\t\t\t\t\t\t\t\t<div class=\"premium-modal-box-modal-body\">\r\n\t\t\t\t\t\t<p>\t\t<div data-elementor-type=\"wp-post\" data-elementor-id=\"1482\" class=\"elementor elementor-1482\">\n\t\t\t\t\t\t\t<div class=\"elementor-element elementor-element-c0a6894 e-flex e-con-boxed wpr-particle-no wpr-jarallax-no wpr-parallax-no wpr-sticky-section-no e-con e-parent\" data-id=\"c0a6894\" data-element_type=\"container\" data-settings=\"{&quot;content_width&quot;:&quot;boxed&quot;}\" data-core-v316-plus=\"true\">\n\t\t\t\t\t<div class=\"e-con-inner\">\n\t\t\t\t<div class=\"elementor-element elementor-element-def4714 elementor-widget elementor-widget-heading\" data-id=\"def4714\" data-element_type=\"widget\" data-widget_type=\"heading.default\">\n\t\t\t\t<div class=\"elementor-widget-container\">\n\t\t\t<h2 class=\"elementor-heading-title elementor-size-default\">\u00bfSab\u00edas qu\u00e9?<\/h2>\t\t<\/div>\n\t\t\t\t<\/div>\n\t\t\t\t<div class=\"elementor-element elementor-element-a79656a elementor-widget elementor-widget-text-editor\" data-id=\"a79656a\" data-element_type=\"widget\" data-widget_type=\"text-editor.default\">\n\t\t\t\t<div class=\"elementor-widget-container\">\n\t\t\t\t\t\t\t<p>Lo que se propone al reconocer el derecho leg\u00edtimo de participaci\u00f3n pol\u00edtico electoral corresponde a una acci\u00f3n afirmativa, puesto que las personas con diversidad sexual en M\u00e9xico, hist\u00f3ricamente, han sido un grupo desatendido y que carece del reconocimiento suficiente en la toma de decisiones importantes a nivel nacional. Por tanto, se debe reconocer que estas minor\u00edas han sufrido todos los cambios y transformaciones del estado mexicano hasta nuestros d\u00edas, y durante ese lapso han sido objeto de injusticias y violaciones a sus derechos m\u00e1s m\u00ednimos: los Derechos Humanos, as\u00ed como sus derechos pol\u00edticos electorales y la violencia f\u00edsica, como la homofobia, que en muchas ocasiones se convierte en cr\u00edmenes de odio. Definitivamente hace falta su presencia y perspectiva dentro de los espacios p\u00fablicos de representaci\u00f3n popular para hacer valer sus derechos y mejorar su calidad de vida a trav\u00e9s de la creaci\u00f3n de pol\u00edticas p\u00fablicas que les favorezcan.<\/p><p>Los desaf\u00edos en materia de derechos pol\u00edticos involucran ejes como la violencia de g\u00e9nero y limitaciones de \u00edndole cultural cuya superaci\u00f3n debemos encontrarla en la oportunidad que tengan las minor\u00edas y de los colectivos LGBTTTI+ a espacios de poder que consagren de manera efectiva sus derechos de participaci\u00f3n en el plano de la representaci\u00f3n; lo ideal ser\u00eda que en una sociedad democr\u00e1tica, en aplicaci\u00f3n del principio de protecci\u00f3n de minor\u00edas, deban tener la opci\u00f3n permanente de convertirse en mayor\u00edas compitiendo electoralmente, as\u00ed como influir en las decisiones p\u00fablicas, lo que guarda relaci\u00f3n con los principios de alternancia, pluralismo, tolerancia, y con la prohibici\u00f3n a las mayor\u00edas de desconocerles sus derechos, a los que la jurisprudencia les ha dado la naturaleza de contra mayoritarios en cuanto no pueden desconocerse ni siquiera a trav\u00e9s de mecanismos democr\u00e1ticos y participativos. (Caldelas, 2022)<\/p><p><strong>EN RESUMEN: <\/strong>Las personas de la comunidad LGBTTI+, como las otras minor\u00edas han sufrido de invisibilizaci\u00f3n e injusticias contra sus derechos, pero actualmente se est\u00e1n haciendo ver y valer, su inclusi\u00f3n en la pol\u00edtica cada vez va siendo m\u00e1s respetada y con ello van obteniendo grandes avances en su lucha.<\/p>\t\t\t\t\t\t<\/div>\n\t\t\t\t<\/div>\n\t\t\t\t\t<\/div>\n\t\t\t\t<\/div>\n\t\t\t\t\t\t\t<\/div>\n\t\t<\/p>\t\t\t\t\t<\/div>\r\n\t\t\t\t\t\t\t\t\t\t\t<div class=\"premium-modal-box-modal-footer\">\r\n\t\t\t\t\t\t\t<button type=\"button\" class=\"premium-modal-box-modal-lower-close\" data-dismiss=\"premium-modal\">\r\n\t\t\t\t\t\t\t\tCerrar\t\t\t\t\t\t\t<\/button>\r\n\t\t\t\t\t\t<\/div>\r\n\t\t\t\t\t\t\t\t\t<\/div>\r\n\t\t\t<\/div>\r\n\t\t<\/div>\r\n\r\n\t\t\t\t<\/div>\n\t\t\t\t<\/div>\n\t\t\t\t\t<\/div>\n\t\t\t\t<\/div>\n\t\t<div class=\"elementor-element elementor-element-1103f25 e-flex e-con-boxed wpr-particle-no wpr-jarallax-no wpr-parallax-no wpr-sticky-section-no e-con e-parent\" data-id=\"1103f25\" data-element_type=\"container\" data-settings=\"{&quot;content_width&quot;:&quot;boxed&quot;}\" data-core-v316-plus=\"true\">\n\t\t\t\t\t<div class=\"e-con-inner\">\n\t\t<div class=\"elementor-element elementor-element-a643ffe e-con-full e-flex wpr-particle-no wpr-jarallax-no wpr-parallax-no wpr-sticky-section-no e-con e-child\" data-id=\"a643ffe\" data-element_type=\"container\" data-settings=\"{&quot;content_width&quot;:&quot;full&quot;}\">\n\t\t\t\t<div class=\"elementor-element elementor-element-8aab93b elementor-widget elementor-widget-heading\" data-id=\"8aab93b\" data-element_type=\"widget\" data-widget_type=\"heading.default\">\n\t\t\t\t<div class=\"elementor-widget-container\">\n\t\t\t<h2 class=\"elementor-heading-title elementor-size-default\">En resumen<\/h2>\t\t<\/div>\n\t\t\t\t<\/div>\n\t\t\t\t<\/div>\n\t\t<div class=\"elementor-element elementor-element-e81d759 e-con-full e-flex wpr-particle-no wpr-jarallax-no wpr-parallax-no wpr-sticky-section-no e-con e-child\" data-id=\"e81d759\" data-element_type=\"container\" data-settings=\"{&quot;content_width&quot;:&quot;full&quot;}\">\n\t\t\t\t<div class=\"elementor-element elementor-element-87c4194 elementor-widget elementor-widget-text-editor\" data-id=\"87c4194\" data-element_type=\"widget\" data-widget_type=\"text-editor.default\">\n\t\t\t\t<div class=\"elementor-widget-container\">\n\t\t\t\t\t\t\t<p>En M\u00e9xico, todos los grupos marginados han recorrido un gran camino en cuanto a su lucha por la visibilizaci\u00f3n, exclusi\u00f3n y no discriminaci\u00f3n; han obtenido grandes reconocimientos y se han acortado las brechas que los exclu\u00edan, pero por ello es necesario seguir fortaleciendo la inclusi\u00f3n en todos los sentidos, no solamente en la pol\u00edtica.<\/p><p>Si bien ha sido a trav\u00e9s de reformas electorales recurrentes que se ha avanzado hacia una representaci\u00f3n plural tanto en el orden federal como en el local, los procesos electorales todav\u00eda siguen dando lugar a cuestionamientos, muchos de ellos respecto a la equidad en la competencia y la certeza de sus resultados.<\/p><p>Las pautas de participaci\u00f3n pol\u00edtica mediante las cuales los ciudadanos se relacionan con los gobernantes, tomando parte en las decisiones o influyendo en \u00e9stas, se han desarrollado en el marco de las experiencias hist\u00f3ricas particulares, adoptando distintas formas: legales e ilegales, individuales o colectivas, activas o pasivas. La participaci\u00f3n ciudadana en el juego electoral, a trav\u00e9s de los partidos y mediante el escrutinio permanente de las acciones gubernamentales, son reconocidas como eje de la vida democr\u00e1tica. La participaci\u00f3n tambi\u00e9n se despliega por la v\u00eda del llamado activismo ciudadano, que cobra cuerpo en grupos de inter\u00e9s y de presi\u00f3n (asociaciones civiles, sindicatos, etc\u00e9tera). Por otra parte, se expanden ganando presencia la movilizaci\u00f3n pol\u00edtica y las acciones de protesta o la expresi\u00f3n de intereses y demandas por otras v\u00edas: los movimientos sociales.<\/p>\t\t\t\t\t\t<\/div>\n\t\t\t\t<\/div>\n\t\t\t\t<\/div>\n\t\t\t\t\t<\/div>\n\t\t\t\t<\/div>\n\t\t\t\t<section class=\"elementor-section elementor-top-section elementor-element elementor-element-595bc1c elementor-section-boxed elementor-section-height-default elementor-section-height-default wpr-particle-no wpr-jarallax-no wpr-parallax-no wpr-sticky-section-no\" data-id=\"595bc1c\" data-element_type=\"section\" data-settings=\"{&quot;background_background&quot;:&quot;classic&quot;,&quot;_ha_eqh_enable&quot;:false}\">\n\t\t\t\t\t\t<div class=\"elementor-container elementor-column-gap-no\">\n\t\t\t\t\t<div class=\"elementor-column elementor-col-100 elementor-top-column elementor-element elementor-element-7af3f3f\" data-id=\"7af3f3f\" data-element_type=\"column\">\n\t\t\t<div class=\"elementor-widget-wrap elementor-element-populated\">\n\t\t\t\t\t\t\t\t<div class=\"elementor-element elementor-element-5ef1791 elementor-widget elementor-widget-heading\" data-id=\"5ef1791\" data-element_type=\"widget\" data-widget_type=\"heading.default\">\n\t\t\t\t<div class=\"elementor-widget-container\">\n\t\t\t<h1 class=\"elementor-heading-title elementor-size-default\">Partido Acci\u00f3n Nacional del Estado de Chihuahua<\/h1>\t\t<\/div>\n\t\t\t\t<\/div>\n\t\t\t\t<div class=\"elementor-element elementor-element-a92c3af elementor-align-center elementor-widget elementor-widget-button\" data-id=\"a92c3af\" data-element_type=\"widget\" data-widget_type=\"button.default\">\n\t\t\t\t<div class=\"elementor-widget-container\">\n\t\t\t\t\t<div class=\"elementor-button-wrapper\">\n\t\t\t<a class=\"elementor-button elementor-button-link elementor-size-sm\" href=\"https:\/\/www.panchihuahua.org.mx\/\">\n\t\t\t\t\t\t<span class=\"elementor-button-content-wrapper\">\n\t\t\t\t\t\t<span class=\"elementor-button-text\">Visitar sitio web<\/span>\n\t\t<\/span>\n\t\t\t\t\t<\/a>\n\t\t<\/div>\n\t\t\t\t<\/div>\n\t\t\t\t<\/div>\n\t\t\t\t\t<\/div>\n\t\t<\/div>\n\t\t\t\t\t\t\t<\/div>\n\t\t<\/section>\n\t\t\t\t\t\t\t<\/div>\n\t\t","protected":false},"excerpt":{"rendered":"<p>PAN CHIHUAHUA INCLUSI\u00d3N EN LA VIDA POL\u00cdTICA Gu\u00eda interactiva Explorar Concepto \u00bfQu\u00e9 es la inclusi\u00f3n? Acorde con la OMS, el t\u00e9rmino inclusi\u00f3n se define como el proceso de asegurar que las personas con discapacidad tengan el mismo acceso, participaci\u00f3n y oportunidades que el resto de la poblaci\u00f3n. Tambi\u00e9n se puede definir como la integraci\u00f3n de &hellip;<\/p>\n<p class=\"read-more\"> <a class=\"\" href=\"https:\/\/doscuervosm.com.mx\/index.php\/inclusion\/\"> <span class=\"screen-reader-text\">inclusion<\/span> Read More &raquo;<\/a><\/p>\n","protected":false},"author":1,"featured_media":0,"parent":0,"menu_order":0,"comment_status":"closed","ping_status":"closed","template":"","meta":{"om_disable_all_campaigns":false,"_monsterinsights_skip_tracking":false,"_monsterinsights_sitenote_active":false,"_monsterinsights_sitenote_note":"","_monsterinsights_sitenote_category":0,"site-sidebar-layout":"no-sidebar","site-content-layout":"page-builder","ast-site-content-layout":"","site-content-style":"default","site-sidebar-style":"default","ast-global-header-display":"","ast-banner-title-visibility":"","ast-main-header-display":"","ast-hfb-above-header-display":"","ast-hfb-below-header-display":"","ast-hfb-mobile-header-display":"","site-post-title":"disabled","ast-breadcrumbs-content":"","ast-featured-img":"disabled","footer-sml-layout":"","theme-transparent-header-meta":"enabled","adv-header-id-meta":"","stick-header-meta":"","header-above-stick-meta":"","header-main-stick-meta":"","header-below-stick-meta":"","astra-migrate-meta-layouts":"","ast-page-background-enabled":"default","ast-page-background-meta":{"desktop":{"background-color":"var(--ast-global-color-4)","background-image":"","background-repeat":"repeat","background-position":"center center","background-size":"auto","background-attachment":"scroll","background-type":"","background-media":"","overlay-type":"","overlay-color":"","overlay-gradient":""},"tablet":{"background-color":"","background-image":"","background-repeat":"repeat","background-position":"center center","background-size":"auto","background-attachment":"scroll","background-type":"","background-media":"","overlay-type":"","overlay-color":"","overlay-gradient":""},"mobile":{"background-color":"","background-image":"","background-repeat":"repeat","background-position":"center center","background-size":"auto","background-attachment":"scroll","background-type":"","background-media":"","overlay-type":"","overlay-color":"","overlay-gradient":""}},"ast-content-background-meta":{"desktop":{"background-color":"var(--ast-global-color-5)","background-image":"","background-repeat":"repeat","background-position":"center center","background-size":"auto","background-attachment":"scroll","background-type":"","background-media":"","overlay-type":"","overlay-color":"","overlay-gradient":""},"tablet":{"background-color":"var(--ast-global-color-5)","background-image":"","background-repeat":"repeat","background-position":"center center","background-size":"auto","background-attachment":"scroll","background-type":"","background-media":"","overlay-type":"","overlay-color":"","overlay-gradient":""},"mobile":{"background-color":"var(--ast-global-color-5)","background-image":"","background-repeat":"repeat","background-position":"center center","background-size":"auto","background-attachment":"scroll","background-type":"","background-media":"","overlay-type":"","overlay-color":"","overlay-gradient":""}},"footnotes":""},"class_list":["post-1461","page","type-page","status-publish","hentry"],"aioseo_notices":[],"_links":{"self":[{"href":"https:\/\/doscuervosm.com.mx\/index.php\/wp-json\/wp\/v2\/pages\/1461","targetHints":{"allow":["GET"]}}],"collection":[{"href":"https:\/\/doscuervosm.com.mx\/index.php\/wp-json\/wp\/v2\/pages"}],"about":[{"href":"https:\/\/doscuervosm.com.mx\/index.php\/wp-json\/wp\/v2\/types\/page"}],"author":[{"embeddable":true,"href":"https:\/\/doscuervosm.com.mx\/index.php\/wp-json\/wp\/v2\/users\/1"}],"replies":[{"embeddable":true,"href":"https:\/\/doscuervosm.com.mx\/index.php\/wp-json\/wp\/v2\/comments?post=1461"}],"version-history":[{"count":16,"href":"https:\/\/doscuervosm.com.mx\/index.php\/wp-json\/wp\/v2\/pages\/1461\/revisions"}],"predecessor-version":[{"id":1573,"href":"https:\/\/doscuervosm.com.mx\/index.php\/wp-json\/wp\/v2\/pages\/1461\/revisions\/1573"}],"wp:attachment":[{"href":"https:\/\/doscuervosm.com.mx\/index.php\/wp-json\/wp\/v2\/media?parent=1461"}],"curies":[{"name":"wp","href":"https:\/\/api.w.org\/{rel}","templated":true}]}}